{"id":8403,"date":"2023-06-08T13:58:18","date_gmt":"2023-06-08T13:58:18","guid":{"rendered":"https:\/\/rome2024.org\/datenschutzbestimmungen-i-viaggi-del-perigeo\/"},"modified":"2023-06-10T22:29:10","modified_gmt":"2023-06-10T22:29:10","slug":"datenschutzbestimmungen-i-viaggi-del-perigeo","status":"publish","type":"page","link":"https:\/\/rome2024.org\/de\/rezeption\/datenschutzbestimmungen-i-viaggi-del-perigeo\/","title":{"rendered":"Datenschutzbestimmungen I Viaggi del Perigeo"},"content":{"rendered":"<div class=\"fusion-fullwidth fullwidth-box fusion-builder-row-1 fusion-flex-container nonhundred-percent-fullwidth non-hundred-percent-height-scrolling\" style=\"--awb-border-sizes-top:0px;--awb-border-sizes-bottom:0px;--awb-border-sizes-left:0px;--awb-border-sizes-right:0px;--awb-border-radius-top-left:0px;--awb-border-radius-top-right:0px;--awb-border-radius-bottom-right:0px;--awb-border-radius-bottom-left:0px;--awb-padding-top:120px;--awb-padding-bottom:120px;--awb-padding-top-medium:90px;--awb-padding-bottom-medium:90px;--awb-padding-top-small:40px;--awb-padding-bottom-small:80px;--awb-margin-bottom:0px;--awb-background-color:var(--awb-color1);\" ><div class=\"fusion-builder-row fusion-row fusion-flex-align-items-flex-start\" style=\"max-width:calc( 1200px + 100px );margin-left: calc(-100px \/ 2 );margin-right: calc(-100px \/ 2 );\"><div class=\"fusion-layout-column fusion_builder_column fusion-builder-column-0 awb-sticky awb-sticky-large fusion_builder_column_1_3 1_3 fusion-flex-column fusion-no-small-visibility\" style=\"--awb-padding-top:20px;--awb-padding-right:20px;--awb-padding-left:20px;--awb-overflow:hidden;--awb-bg-color:rgba(204,204,204,0.23);--awb-bg-position:right center;--awb-bg-size:cover;--awb-border-radius:10px 10px 10px 10px;--awb-width-large:33.333333333333%;--awb-margin-top-large:0px;--awb-spacing-right-large:50px;--awb-margin-bottom-large:20px;--awb-spacing-left-large:50px;--awb-width-medium:33.333333333333%;--awb-order-medium:0;--awb-spacing-right-medium:50px;--awb-spacing-left-medium:50px;--awb-width-small:100%;--awb-order-small:0;--awb-spacing-right-small:50px;--awb-spacing-left-small:50px;--awb-sticky-offset:230px;\"><div class=\"fusion-column-wrapper fusion-column-has-shadow fusion-flex-justify-content-flex-start fusion-content-layout-column\"><div class=\"fusion-title title fusion-title-1 fusion-sep-none fusion-title-text fusion-title-size-four\"><h4 class=\"title-heading-left\" style=\"margin:0;\">Rezeption<\/h4><\/div><nav class=\"awb-menu awb-menu_column awb-menu_em-hover mobile-mode-collapse-to-button awb-menu_icons-left awb-menu_dc-yes mobile-trigger-fullwidth-off awb-menu_mobile-toggle awb-menu_indent-left mobile-size-full-absolute loading mega-menu-loading awb-menu_desktop awb-menu_dropdown awb-menu_expand-right awb-menu_transition-fade fusion-no-small-visibility\" style=\"--awb-gap:20px;--awb-items-padding-top:0px;--awb-active-color:var(--awb-color2);--awb-submenu-space:0;--awb-icons-size:20;--awb-main-justify-content:flex-start;--awb-mobile-justify:flex-start;--awb-mobile-caret-left:auto;--awb-mobile-caret-right:0;--awb-fusion-font-family-typography:inherit;--awb-fusion-font-style-typography:normal;--awb-fusion-font-weight-typography:400;--awb-fusion-font-family-submenu-typography:inherit;--awb-fusion-font-style-submenu-typography:normal;--awb-fusion-font-weight-submenu-typography:400;--awb-fusion-font-family-mobile-typography:inherit;--awb-fusion-font-style-mobile-typography:normal;--awb-fusion-font-weight-mobile-typography:400;\" aria-label=\"Menu\" data-breakpoint=\"0\" data-count=\"0\" data-transition-type=\"fade\" data-transition-time=\"300\"><ul id=\"menu-accoglienza-tedesco\" class=\"fusion-menu awb-menu__main-ul awb-menu__main-ul_column\"><li  id=\"menu-item-9532\"  class=\"menu-item menu-item-type-post_type menu-item-object-page menu-item-9532 awb-menu__li awb-menu__main-li awb-menu__main-li_regular\"  data-item-id=\"9532\"><span class=\"awb-menu__main-background-default awb-menu__main-background-default_fade\"><\/span><span class=\"awb-menu__main-background-active awb-menu__main-background-active_fade\"><\/span><a  href=\"https:\/\/rome2024.org\/de\/rezeption\/offizieller-gastfreundschaftspartner\/\" class=\"awb-menu__main-a awb-menu__main-a_regular fusion-flex-link\"><span class=\"awb-menu__i awb-menu__i_main fusion-megamenu-icon\"><i class=\"glyphicon fa-hotel fas\" aria-hidden=\"true\"><\/i><\/span><span class=\"menu-text\">Offizieller Gastfreundschaftspartner<\/span><\/a><\/li><li  id=\"menu-item-9533\"  class=\"menu-item menu-item-type-post_type menu-item-object-page menu-item-9533 awb-menu__li awb-menu__main-li awb-menu__main-li_regular\"  data-item-id=\"9533\"><span class=\"awb-menu__main-background-default awb-menu__main-background-default_fade\"><\/span><span class=\"awb-menu__main-background-active awb-menu__main-background-active_fade\"><\/span><a  href=\"https:\/\/rome2024.org\/de\/rezeption\/hotel-reservierung\/\" class=\"awb-menu__main-a awb-menu__main-a_regular fusion-flex-link\"><span class=\"awb-menu__i awb-menu__i_main fusion-megamenu-icon\"><i class=\"glyphicon fa-bed fas\" aria-hidden=\"true\"><\/i><\/span><span class=\"menu-text\">Hotel Reservierung<\/span><\/a><\/li><li  id=\"menu-item-9534\"  class=\"menu-item menu-item-type-post_type menu-item-object-page menu-item-9534 awb-menu__li awb-menu__main-li awb-menu__main-li_regular\"  data-item-id=\"9534\"><span class=\"awb-menu__main-background-default awb-menu__main-background-default_fade\"><\/span><span class=\"awb-menu__main-background-active awb-menu__main-background-active_fade\"><\/span><a  href=\"https:\/\/rome2024.org\/de\/rezeption\/kartendienste\/\" class=\"awb-menu__main-a awb-menu__main-a_regular fusion-flex-link\"><span class=\"awb-menu__i awb-menu__i_main fusion-megamenu-icon\"><i class=\"glyphicon fa-id-card fas\" aria-hidden=\"true\"><\/i><\/span><span class=\"menu-text\">Kartendienste<\/span><\/a><\/li><li  id=\"menu-item-9535\"  class=\"menu-item menu-item-type-post_type menu-item-object-page menu-item-9535 awb-menu__li awb-menu__main-li awb-menu__main-li_regular\"  data-item-id=\"9535\"><span class=\"awb-menu__main-background-default awb-menu__main-background-default_fade\"><\/span><span class=\"awb-menu__main-background-active awb-menu__main-background-active_fade\"><\/span><a  href=\"https:\/\/rome2024.org\/de\/rezeption\/visum-fuer-italien\/\" class=\"awb-menu__main-a awb-menu__main-a_regular fusion-flex-link\"><span class=\"awb-menu__i awb-menu__i_main fusion-megamenu-icon\"><i class=\"glyphicon fa-digital-tachograph fas\" aria-hidden=\"true\"><\/i><\/span><span class=\"menu-text\">Visum f\u00fcr Italien<\/span><\/a><\/li><\/ul><\/nav><div class=\"fusion-image-element \" style=\"--awb-margin-top:30px;--awb-margin-right:-20px;--awb-margin-bottom:0px;--awb-margin-left:-20px;--awb-caption-title-size:var(--h2_typography-font-size);--awb-caption-title-transform:var(--h2_typography-text-transform);--awb-caption-title-line-height:var(--h2_typography-line-height);--awb-caption-title-letter-spacing:var(--h2_typography-letter-spacing);\"><span class=\" fusion-imageframe imageframe-none imageframe-1 hover-type-none\"><img decoding=\"async\" width=\"2560\" height=\"1707\" title=\"ROMA06\" src=\"https:\/\/rome2024.org\/wp-content\/uploads\/2023\/02\/ROMA06-scaled.jpg\" data-orig-src=\"https:\/\/rome2024.org\/wp-content\/uploads\/2023\/02\/ROMA06-scaled.jpg\" alt class=\"lazyload img-responsive wp-image-7255\" srcset=\"data:image\/svg+xml,%3Csvg%20xmlns%3D%27http%3A%2F%2Fwww.w3.org%2F2000%2Fsvg%27%20width%3D%272560%27%20height%3D%271707%27%20viewBox%3D%270%200%202560%201707%27%3E%3Crect%20width%3D%272560%27%20height%3D%271707%27%20fill-opacity%3D%220%22%2F%3E%3C%2Fsvg%3E\" data-srcset=\"https:\/\/rome2024.org\/wp-content\/uploads\/2023\/02\/ROMA06-scaled-200x133.jpg 200w, https:\/\/rome2024.org\/wp-content\/uploads\/2023\/02\/ROMA06-scaled-400x267.jpg 400w, https:\/\/rome2024.org\/wp-content\/uploads\/2023\/02\/ROMA06-scaled-600x400.jpg 600w, https:\/\/rome2024.org\/wp-content\/uploads\/2023\/02\/ROMA06-scaled-800x533.jpg 800w, https:\/\/rome2024.org\/wp-content\/uploads\/2023\/02\/ROMA06-scaled-1200x800.jpg 1200w, https:\/\/rome2024.org\/wp-content\/uploads\/2023\/02\/ROMA06-scaled.jpg 2560w\" data-sizes=\"auto\" data-orig-sizes=\"(max-width: 450px) 100vw, 400px\" \/><\/span><\/div><\/div><\/div>\n<div class=\"fusion-layout-column fusion_builder_column fusion-builder-column-1 fusion_builder_column_2_3 2_3 fusion-flex-column\" style=\"--awb-overflow:hidden;--awb-bg-size:cover;--awb-border-radius:10px 10px 10px 10px;--awb-width-large:66.666666666667%;--awb-margin-top-large:0px;--awb-spacing-right-large:50px;--awb-margin-bottom-large:0px;--awb-spacing-left-large:50px;--awb-width-medium:66.666666666667%;--awb-order-medium:0;--awb-spacing-right-medium:50px;--awb-spacing-left-medium:50px;--awb-width-small:100%;--awb-order-small:0;--awb-spacing-right-small:50px;--awb-spacing-left-small:50px;\"><div class=\"fusion-column-wrapper fusion-column-has-shadow fusion-flex-justify-content-flex-start fusion-content-layout-column\"><div class=\"fusion-text fusion-text-1\"><p>Sehr geehrter Kunde,<\/p>\n<p>Gem\u00e4\u00df Art. 13 der Europ\u00e4ischen Verordnung 2016\/679 \u00fcber den Schutz personenbezogener Daten (GDPR) informieren wir Sie dar\u00fcber, dass die von Ihnen zur Verf\u00fcgung gestellten oder in jedem Fall bei der Registrierung f\u00fcr die Kundenkarte erworbenen personenbezogenen Daten gem\u00e4\u00df den geltenden Rechtsvorschriften und den darin vorgesehenen Grunds\u00e4tzen der Korrektheit, Rechtm\u00e4\u00dfigkeit, Transparenz und des Schutzes der Vertraulichkeit verarbeitet werden.<\/p>\n<p><strong>DATENVERANTWORTLICHER<\/strong><\/p>\n<p>Der Inhaber der Datenverarbeitung ist I VIAGGI DEL PERIGEO SRL mit Sitz in Rom, in der Person seines gesetzlichen Vertreters, der sich im Rahmen seiner Befugnisse der Mitarbeit von speziell bezeichneten Verantwortlichen oder Beauftragten bedienen kann. Der Eigent\u00fcmer kann unter der E-Mail-Adresse <a href=\"mailto:info@iviaggidelperigeo.it\">info@iviaggidelperigeo.it<\/a> kontaktiert werden.<\/p>\n<p><strong>ERHOBENE DATEN<\/strong><\/p>\n<p>Die vom f\u00fcr die Verarbeitung Verantwortlichen gesammelten Daten sind die vom Nutzer angegebenen Daten (z. B. Name, Vorname, Geschlecht, Geburtsdatum, Steuernummer, Dokument, E-Mail, Telefon, get\u00e4tigte Eink\u00e4ufe).<\/p>\n<p><strong>ART DER BEHANDLUNG<\/strong><\/p>\n<p>Die Daten werden mit Hilfe von EDV- und\/oder papiergest\u00fctzten Instrumenten verarbeitet, und zwar nach einer Logik, die eng mit den oben genannten Zwecken verbunden ist, und in jedem Fall unter Anwendung von Verfahren und Ma\u00dfnahmen, die geeignet sind, ihre Sicherheit und Vertraulichkeit zu sch\u00fctzen.<\/p>\n<p><strong>ZWECK DER VERARBEITUNG<\/strong><\/p>\n<p>Die Daten werden zum Zweck der Durchf\u00fchrung der unten aufgef\u00fchrten T\u00e4tigkeiten verarbeitet:<\/p>\n<ol>\n<li>vorbehaltlich Ihrer ausdr\u00fccklichen schriftlichen Zustimmung die Durchf\u00fchrung von Direktmarketing-Aktivit\u00e4ten, wie z. B. die Versendung &#8211; auch per E-Mail, SMS und MMS &#8211; von Werbematerial und Mitteilungen mit informativem und\/oder verkaufsf\u00f6rderndem Inhalt in Bezug auf Produkte oder Dienstleistungen, die von dem f\u00fcr die Verarbeitung Verantwortlichen oder seinen Gesch\u00e4ftspartnern geliefert und\/oder beworben werden, einschlie\u00dflich kostenloser Geschenke und Gratisproben;<\/li>\n<li>vorbehaltlich Ihrer ausdr\u00fccklichen schriftlichen Zustimmung die Erstellung von Einzel- oder Gesamtprofilen und Marktforschungst\u00e4tigkeiten, die beispielsweise darauf abzielen, die Gewohnheiten und Entscheidungen der Verbraucher zu analysieren, diesbez\u00fcgliche Statistiken zu erstellen oder den Grad der Zufriedenheit mit den angebotenen Produkten und Dienstleistungen zu bewerten.<\/li>\n<\/ol>\n<p><strong>ART DER DATENBEREITSTELLUNG<\/strong><\/p>\n<p>F\u00fcr die in den Unterabs\u00e4tzen genannten Zwecke (a) und b) des vorangehenden Punktes ist die Bereitstellung der Daten fakultativ, und jede Verweigerung der Bereitstellung dieser Daten und der Erteilung der Zustimmung dazu macht es dem f\u00fcr die Verarbeitung Verantwortlichen unm\u00f6glich, die darin angegebenen Direktmarketing- und Profilingaktivit\u00e4ten durchzuf\u00fchren.<\/p>\n<p><strong>UMFANG DER DATENVERBREITUNG<\/strong><\/p>\n<p>Die Daten werden von Personal verarbeitet, das direkt bei dem f\u00fcr die Verarbeitung Verantwortlichen besch\u00e4ftigt ist, und\/oder von nat\u00fcrlichen oder juristischen Personen, die von diesem ausdr\u00fccklich als Verantwortliche oder Beauftragte f\u00fcr die Verarbeitung benannt wurden. Die zur Verf\u00fcgung gestellten Daten werden unter keinen Umst\u00e4nden an Dritte weitergegeben oder \u00fcbermittelt, mit Ausnahme derjenigen, deren Recht auf Zugang zu den Daten gesetzlich oder auf beh\u00f6rdliche Anordnung anerkannt ist.<\/p>\n<p><strong>LAGERZEITEN<\/strong><\/p>\n<p>Die personenbezogenen Daten werden von dem f\u00fcr die Verarbeitung Verantwortlichen f\u00fcr einen Zeitraum von drei Jahren gespeichert.<\/p>\n<p>Der f\u00fcr die Verarbeitung Verantwortliche kann aufgrund einer gesetzlichen Verpflichtung oder auf Anordnung einer Beh\u00f6rde verpflichtet sein, die personenbezogenen Daten des Kunden l\u00e4nger aufzubewahren.<\/p>\n<p>Nach Ablauf der Aufbewahrungsfrist werden die pers\u00f6nlichen Daten des Kunden und die erworbenen Daten gel\u00f6scht. Nach Ablauf dieser Frist k\u00f6nnen daher das Recht auf Auskunft, L\u00f6schung, Berichtigung und das Recht auf Daten\u00fcbertragbarkeit nicht mehr ausge\u00fcbt werden.<\/p>\n<p><strong>RECHTE DER BETROFFENEN PARTEIEN<\/strong><\/p>\n<p>Die Personen, auf die sich die personenbezogenen Daten beziehen, k\u00f6nnen jederzeit ihre Rechte gegen\u00fcber dem f\u00fcr die Verarbeitung Verantwortlichen gem\u00e4\u00df der Verordnung (EU) Nr. 679\/2016 (DSGVO) und den nationalen Rechtsvorschriften aus\u00fcben. Insbesondere k\u00f6nnen sie:<\/p>\n<ol>\n<li>eine Best\u00e4tigung \u00fcber das Vorhandensein oder Nichtvorhandensein von pers\u00f6nlichen Daten, die ihn betreffen, zu erhalten, auch wenn diese noch nicht registriert sind, und sie in verst\u00e4ndlicher Form mitgeteilt zu bekommen;<\/li>\n<li>Informationen \u00fcber die Herkunft der personenbezogenen Daten, den Zweck und die Modalit\u00e4ten der Verarbeitung; die angewandte Logik im Falle einer Verarbeitung mit Hilfe elektronischer Mittel; die Identit\u00e4t des Inhabers, der Verantwortlichen und des Beauftragten<\/li>\n<li>die Aktualisierung, Berichtigung oder Erg\u00e4nzung von Daten zu erwirken;<\/li>\n<li>die L\u00f6schung, Umwandlung in anonyme Form oder Sperrung von Daten zu erwirken, die unter Versto\u00df gegen das Gesetz verarbeitet wurden, einschlie\u00dflich der Daten, deren Aufbewahrung im Hinblick auf die Zwecke, f\u00fcr die sie erhoben oder sp\u00e4ter verarbeitet wurden, nicht erforderlich ist;<\/li>\n<li>eine Bescheinigung dar\u00fcber zu erhalten, dass die genannten Vorg\u00e4nge denjenigen zur Kenntnis gebracht wurden, denen die Daten \u00fcbermittelt oder bei denen sie verbreitet wurden, es sei denn, dies erweist sich als unm\u00f6glich oder ist mit einem Aufwand verbunden, der in keinem Verh\u00e4ltnis zu dem gesch\u00fctzten Recht steht;<\/li>\n<li>sich aus berechtigten Gr\u00fcnden ganz oder teilweise der Verarbeitung der sie betreffenden personenbezogenen Daten, die noch dem Zweck der Erhebung entsprechen, sowie der Verarbeitung personenbezogener Daten, die sie betreffen, zu widersetzen, wenn diese Verarbeitung zum Zwecke des Versands von Werbematerial oder des Direktverkaufs, zur Markt- oder Meinungsforschung oder zur Handelsinformation erfolgt.<\/li>\n<li>seine Daten und die in die Anwendung eingegebenen Daten in einer strukturierten, von einem Datenverarbeitungsger\u00e4t lesbaren Form und in einem von einem Computerger\u00e4t \u00fcblicherweise verwendeten Format zu erhalten (Daten\u00fcbertragbarkeit);<\/li>\n<\/ol>\n<p>Um diese Rechte auszu\u00fcben, kann sich die betroffene Person direkt an den f\u00fcr die Verarbeitung Verantwortlichen wenden.<\/p>\n<p><strong>EINWILLIGUNG IN DIE VERARBEITUNG PERSONENBEZOGENER DATEN<\/strong><\/p>\n<p>Der\/die Unterzeichnende erkl\u00e4rt, dass er\/sie den Inhalt dieses Informationsschreibens verstanden hat und gibt sein\/ihr Einverst\u00e4ndnis zur Verarbeitung seiner\/ihrer pers\u00f6nlichen Daten und zur Verwaltung von Aktivit\u00e4ten, die nicht anonym durchgef\u00fchrt werden k\u00f6nnen und die notwendig sind, um den Abonnenten die M\u00f6glichkeit zu geben, Rabatte und Werbeaktionen zu nutzen und zu erkennen sowie Preise anzubieten und zu versenden.<\/p>\n<\/div><\/div><\/div><\/div><\/div>\n","protected":false},"excerpt":{"rendered":"","protected":false},"author":5,"featured_media":0,"parent":8507,"menu_order":0,"comment_status":"closed","ping_status":"closed","template":"100-width.php","meta":{"footnotes":""},"class_list":["post-8403","page","type-page","status-publish","hentry"],"_links":{"self":[{"href":"https:\/\/rome2024.org\/de\/wp-json\/wp\/v2\/pages\/8403","targetHints":{"allow":["GET"]}}],"collection":[{"href":"https:\/\/rome2024.org\/de\/wp-json\/wp\/v2\/pages"}],"about":[{"href":"https:\/\/rome2024.org\/de\/wp-json\/wp\/v2\/types\/page"}],"author":[{"embeddable":true,"href":"https:\/\/rome2024.org\/de\/wp-json\/wp\/v2\/users\/5"}],"replies":[{"embeddable":true,"href":"https:\/\/rome2024.org\/de\/wp-json\/wp\/v2\/comments?post=8403"}],"version-history":[{"count":0,"href":"https:\/\/rome2024.org\/de\/wp-json\/wp\/v2\/pages\/8403\/revisions"}],"up":[{"embeddable":true,"href":"https:\/\/rome2024.org\/de\/wp-json\/wp\/v2\/pages\/8507"}],"wp:attachment":[{"href":"https:\/\/rome2024.org\/de\/wp-json\/wp\/v2\/media?parent=8403"}],"curies":[{"name":"wp","href":"https:\/\/api.w.org\/{rel}","templated":true}]}}