{"id":8429,"date":"2023-05-21T08:47:18","date_gmt":"2023-05-21T08:47:18","guid":{"rendered":"https:\/\/rome2024.org\/paralympische-athleten\/"},"modified":"2024-06-14T19:31:05","modified_gmt":"2024-06-14T19:31:05","slug":"paralympische-athleten","status":"publish","type":"page","link":"https:\/\/rome2024.org\/de\/wmc2024\/paralympische-athleten\/","title":{"rendered":"Paralympische Athleten"},"content":{"rendered":"<div class=\"fusion-fullwidth fullwidth-box fusion-builder-row-1 fusion-flex-container nonhundred-percent-fullwidth non-hundred-percent-height-scrolling\" style=\"--awb-border-sizes-top:0px;--awb-border-sizes-bottom:0px;--awb-border-sizes-left:0px;--awb-border-sizes-right:0px;--awb-border-radius-top-left:0px;--awb-border-radius-top-right:0px;--awb-border-radius-bottom-right:0px;--awb-border-radius-bottom-left:0px;--awb-padding-top:120px;--awb-padding-bottom:120px;--awb-padding-top-medium:90px;--awb-padding-bottom-medium:90px;--awb-padding-top-small:80px;--awb-padding-bottom-small:80px;--awb-margin-bottom:0px;--awb-background-color:var(--awb-color1);\" ><div class=\"fusion-builder-row fusion-row fusion-flex-align-items-flex-start\" style=\"max-width:calc( 1200px + 100px );margin-left: calc(-100px \/ 2 );margin-right: calc(-100px \/ 2 );\"><div class=\"fusion-layout-column fusion_builder_column fusion-builder-column-0 awb-sticky awb-sticky-large fusion_builder_column_1_3 1_3 fusion-flex-column fusion-no-small-visibility\" style=\"--awb-padding-top:20px;--awb-padding-right:20px;--awb-padding-left:20px;--awb-overflow:hidden;--awb-bg-color:rgba(204,204,204,0.23);--awb-bg-position:right center;--awb-bg-size:cover;--awb-border-radius:10px 10px 10px 10px;--awb-width-large:33.333333333333%;--awb-margin-top-large:0px;--awb-spacing-right-large:50px;--awb-margin-bottom-large:20px;--awb-spacing-left-large:50px;--awb-width-medium:33.333333333333%;--awb-order-medium:0;--awb-spacing-right-medium:50px;--awb-spacing-left-medium:50px;--awb-width-small:100%;--awb-order-small:0;--awb-spacing-right-small:50px;--awb-spacing-left-small:50px;--awb-sticky-offset:230px;\"><div class=\"fusion-column-wrapper fusion-column-has-shadow fusion-flex-justify-content-flex-start fusion-content-layout-column\"><div class=\"fusion-title title fusion-title-1 fusion-sep-none fusion-title-text fusion-title-size-four\" style=\"--awb-text-color:var(--awb-color8);\"><h4 class=\"title-heading-left\" style=\"margin:0;line-height:1;\">2024 ittf world masters table tennis championships<\/h4><\/div><nav class=\"awb-menu awb-menu_column awb-menu_em-hover mobile-mode-collapse-to-button awb-menu_icons-left awb-menu_dc-yes mobile-trigger-fullwidth-off awb-menu_mobile-toggle awb-menu_indent-left mobile-size-full-absolute loading mega-menu-loading awb-menu_desktop awb-menu_dropdown awb-menu_expand-right awb-menu_transition-fade fusion-no-small-visibility\" style=\"--awb-gap:20px;--awb-items-padding-top:0px;--awb-active-color:var(--awb-color2);--awb-submenu-space:0;--awb-icons-size:20;--awb-main-justify-content:flex-start;--awb-mobile-justify:flex-start;--awb-mobile-caret-left:auto;--awb-mobile-caret-right:0;--awb-fusion-font-family-typography:inherit;--awb-fusion-font-style-typography:normal;--awb-fusion-font-weight-typography:400;--awb-fusion-font-family-submenu-typography:inherit;--awb-fusion-font-style-submenu-typography:normal;--awb-fusion-font-weight-submenu-typography:400;--awb-fusion-font-family-mobile-typography:inherit;--awb-fusion-font-style-mobile-typography:normal;--awb-fusion-font-weight-mobile-typography:400;\" aria-label=\"Menu\" data-breakpoint=\"0\" data-count=\"0\" data-transition-type=\"fade\" data-transition-time=\"300\"><ul id=\"menu-evento-tedesco\" class=\"fusion-menu awb-menu__main-ul awb-menu__main-ul_column\"><li  id=\"menu-item-9506\"  class=\"menu-item menu-item-type-post_type menu-item-object-page menu-item-9506 awb-menu__li awb-menu__main-li awb-menu__main-li_regular\"  data-item-id=\"9506\"><span class=\"awb-menu__main-background-default awb-menu__main-background-default_fade\"><\/span><span class=\"awb-menu__main-background-active awb-menu__main-background-active_fade\"><\/span><a  href=\"https:\/\/rome2024.org\/de\/wmc2024\/institutionelle-gruesse\/\" class=\"awb-menu__main-a awb-menu__main-a_regular fusion-flex-link\"><span class=\"awb-menu__i awb-menu__i_main fusion-megamenu-icon\"><i class=\"glyphicon fa-envelope-open-text fas\" aria-hidden=\"true\"><\/i><\/span><span class=\"menu-text\">Institutionelle Gr\u00fc\u00dfe<\/span><\/a><\/li><li  id=\"menu-item-9507\"  class=\"menu-item menu-item-type-post_type menu-item-object-page menu-item-9507 awb-menu__li awb-menu__main-li awb-menu__main-li_regular\"  data-item-id=\"9507\"><span class=\"awb-menu__main-background-default awb-menu__main-background-default_fade\"><\/span><span class=\"awb-menu__main-background-active awb-menu__main-background-active_fade\"><\/span><a  href=\"https:\/\/rome2024.org\/de\/wmc2024\/allgemeine-informationen\/\" class=\"awb-menu__main-a awb-menu__main-a_regular fusion-flex-link\"><span class=\"awb-menu__i awb-menu__i_main fusion-megamenu-icon\"><i class=\"glyphicon fa-info-circle fas\" aria-hidden=\"true\"><\/i><\/span><span class=\"menu-text\">Allgemeine Informationen<\/span><\/a><\/li><li  id=\"menu-item-9508\"  class=\"menu-item menu-item-type-post_type menu-item-object-page menu-item-9508 awb-menu__li awb-menu__main-li awb-menu__main-li_regular\"  data-item-id=\"9508\"><span class=\"awb-menu__main-background-default awb-menu__main-background-default_fade\"><\/span><span class=\"awb-menu__main-background-active awb-menu__main-background-active_fade\"><\/span><a  href=\"https:\/\/rome2024.org\/de\/wmc2024\/verordnung\/\" class=\"awb-menu__main-a awb-menu__main-a_regular fusion-flex-link\"><span class=\"awb-menu__i awb-menu__i_main fusion-megamenu-icon\"><i class=\"glyphicon fa-file-alt fas\" aria-hidden=\"true\"><\/i><\/span><span class=\"menu-text\">Verordnung<\/span><\/a><\/li><li  id=\"menu-item-9509\"  class=\"menu-item menu-item-type-post_type menu-item-object-page menu-item-9509 awb-menu__li awb-menu__main-li awb-menu__main-li_regular\"  data-item-id=\"9509\"><span class=\"awb-menu__main-background-default awb-menu__main-background-default_fade\"><\/span><span class=\"awb-menu__main-background-active awb-menu__main-background-active_fade\"><\/span><a  href=\"https:\/\/rome2024.org\/de\/wmc2024\/anmeldung-und-kosten\/\" class=\"awb-menu__main-a awb-menu__main-a_regular fusion-flex-link\"><span class=\"awb-menu__i awb-menu__i_main fusion-megamenu-icon\"><i class=\"glyphicon fa-user-edit fas\" aria-hidden=\"true\"><\/i><\/span><span class=\"menu-text\">Anmeldung und Kosten<\/span><\/a><\/li><li  id=\"menu-item-21316\"  class=\"menu-item menu-item-type-post_type menu-item-object-page menu-item-21316 awb-menu__li awb-menu__main-li awb-menu__main-li_regular\"  data-item-id=\"21316\"><span class=\"awb-menu__main-background-default awb-menu__main-background-default_fade\"><\/span><span class=\"awb-menu__main-background-active awb-menu__main-background-active_fade\"><\/span><a  href=\"https:\/\/rome2024.org\/de\/wmc2024\/merchandising\/\" class=\"awb-menu__main-a awb-menu__main-a_regular fusion-flex-link\"><span class=\"awb-menu__i awb-menu__i_main fusion-megamenu-icon\"><i class=\"glyphicon fa-tshirt fas\" aria-hidden=\"true\"><\/i><\/span><span class=\"menu-text\">Merchandising<\/span><\/a><\/li><li  id=\"menu-item-9510\"  class=\"menu-item menu-item-type-post_type menu-item-object-page menu-item-9510 awb-menu__li awb-menu__main-li awb-menu__main-li_regular\"  data-item-id=\"9510\"><span class=\"awb-menu__main-background-default awb-menu__main-background-default_fade\"><\/span><span class=\"awb-menu__main-background-active awb-menu__main-background-active_fade\"><\/span><a  href=\"https:\/\/rome2024.org\/de\/wmc2024\/ehrenamtliche-mitarbeiter\/\" class=\"awb-menu__main-a awb-menu__main-a_regular fusion-flex-link\"><span class=\"awb-menu__i awb-menu__i_main fusion-megamenu-icon\"><i class=\"glyphicon fa-hands-helping fas\" aria-hidden=\"true\"><\/i><\/span><span class=\"menu-text\">Ehrenamtliche Mitarbeiter<\/span><\/a><\/li><li  id=\"menu-item-9511\"  class=\"menu-item menu-item-type-post_type menu-item-object-page menu-item-9511 awb-menu__li awb-menu__main-li awb-menu__main-li_regular\"  data-item-id=\"9511\"><span class=\"awb-menu__main-background-default awb-menu__main-background-default_fade\"><\/span><span class=\"awb-menu__main-background-active awb-menu__main-background-active_fade\"><\/span><a  href=\"https:\/\/rome2024.org\/de\/wmc2024\/organisationskomitee\/\" class=\"awb-menu__main-a awb-menu__main-a_regular fusion-flex-link\"><span class=\"awb-menu__i awb-menu__i_main fusion-megamenu-icon\"><i class=\"glyphicon fa-sitemap fas\" aria-hidden=\"true\"><\/i><\/span><span class=\"menu-text\">Organisationskomitee<\/span><\/a><\/li><li  id=\"menu-item-9512\"  class=\"menu-item menu-item-type-post_type menu-item-object-page menu-item-9512 awb-menu__li awb-menu__main-li awb-menu__main-li_regular\"  data-item-id=\"9512\"><span class=\"awb-menu__main-background-default awb-menu__main-background-default_fade\"><\/span><span class=\"awb-menu__main-background-active awb-menu__main-background-active_fade\"><\/span><a  href=\"https:\/\/rome2024.org\/de\/wmc2024\/gesundheitsinformationen-und-versicherung\/\" class=\"awb-menu__main-a awb-menu__main-a_regular fusion-flex-link\"><span class=\"awb-menu__i awb-menu__i_main fusion-megamenu-icon\"><i class=\"glyphicon fa-stethoscope fas\" aria-hidden=\"true\"><\/i><\/span><span class=\"menu-text\">Gesundheitsinformationen und Versicherung<\/span><\/a><\/li><li  id=\"menu-item-21317\"  class=\"menu-item menu-item-type-post_type menu-item-object-page menu-item-21317 awb-menu__li awb-menu__main-li awb-menu__main-li_regular\"  data-item-id=\"21317\"><span class=\"awb-menu__main-background-default awb-menu__main-background-default_fade\"><\/span><span class=\"awb-menu__main-background-active awb-menu__main-background-active_fade\"><\/span><a  href=\"https:\/\/rome2024.org\/de\/wmc2024\/versicherungspolice\/\" class=\"awb-menu__main-a awb-menu__main-a_regular fusion-flex-link\"><span class=\"awb-menu__i awb-menu__i_main fusion-megamenu-icon\"><i class=\"glyphicon fa-hands-helping fas\" aria-hidden=\"true\"><\/i><\/span><span class=\"menu-text\">Versicherungspolice<\/span><\/a><\/li><li  id=\"menu-item-9521\"  class=\"menu-item menu-item-type-post_type menu-item-object-page menu-item-9521 awb-menu__li awb-menu__main-li awb-menu__main-li_regular\"  data-item-id=\"9521\"><span class=\"awb-menu__main-background-default awb-menu__main-background-default_fade\"><\/span><span class=\"awb-menu__main-background-active awb-menu__main-background-active_fade\"><\/span><a  href=\"https:\/\/rome2024.org\/de\/wmc2024\/paralympische-athleten\/\" class=\"awb-menu__main-a awb-menu__main-a_regular fusion-flex-link\"><span class=\"awb-menu__i awb-menu__i_main fusion-megamenu-icon\"><i class=\"glyphicon fa-user-friends fas\" aria-hidden=\"true\"><\/i><\/span><span class=\"menu-text\">Paralympische Athleten<\/span><\/a><\/li><li  id=\"menu-item-10411\"  class=\"menu-item menu-item-type-post_type menu-item-object-page menu-item-10411 awb-menu__li awb-menu__main-li awb-menu__main-li_regular\"  data-item-id=\"10411\"><span class=\"awb-menu__main-background-default awb-menu__main-background-default_fade\"><\/span><span class=\"awb-menu__main-background-active awb-menu__main-background-active_fade\"><\/span><a  href=\"https:\/\/rome2024.org\/de\/wmc2024\/reglement-fuer-paralympische-athleten\/\" class=\"awb-menu__main-a awb-menu__main-a_regular fusion-flex-link\"><span class=\"awb-menu__i awb-menu__i_main fusion-megamenu-icon\"><i class=\"glyphicon fa-file-alt fas\" aria-hidden=\"true\"><\/i><\/span><span class=\"menu-text\">Reglement f\u00fcr paralympische Athleten<\/span><\/a><\/li><\/ul><\/nav><div ><a class=\"fusion-button button-flat fusion-button-default-size button-custom fusion-button-default button-1 fusion-button-span-yes fusion-button-default-type fusion-has-button-gradient\" style=\"--button_accent_color:#ffffff;--button_border_color:#ffffff;--button_accent_hover_color:#ffffff;--button_border_hover_color:#ffffff;--button-border-radius-top-left:10px;--button-border-radius-top-right:10px;--button-border-radius-bottom-right:10px;--button-border-radius-bottom-left:10px;--button_gradient_angle:160deg;--button_gradient_start:20%;--button_gradient_end:100%;--button_gradient_top_color:var(--awb-color6);--button_gradient_bottom_color:#0e586e;--button_gradient_top_color_hover:var(--awb-color2);--button_gradient_bottom_color_hover:var(--awb-color2);--button_text_transform:capitalize;--button_font_size:18px;--button_line_height:1.36em;--button_typography-letter-spacing:0em;--button_margin-top:30px;\" target=\"_blank\" rel=\"noopener noreferrer\" href=\"https:\/\/www.ttm.co.at\/wmc2024\/register\"><i class=\"fa-user-edit fas button-icon-left\" aria-hidden=\"true\"><\/i><span class=\"fusion-button-text\">Melden Sie sich an! <\/span><\/a><\/div><div class=\"fusion-image-element \" style=\"--awb-margin-top:30px;--awb-margin-right:-20px;--awb-margin-bottom:0px;--awb-margin-left:-20px;--awb-caption-title-size:var(--h2_typography-font-size);--awb-caption-title-transform:var(--h2_typography-text-transform);--awb-caption-title-line-height:var(--h2_typography-line-height);--awb-caption-title-letter-spacing:var(--h2_typography-letter-spacing);\"><span class=\" fusion-imageframe imageframe-none imageframe-1 hover-type-none\"><img decoding=\"async\" width=\"2362\" height=\"1575\" title=\"fitet-bg-numeri\" src=\"https:\/\/rome2024.org\/wp-content\/uploads\/2023\/04\/fitet-bg-numeri.jpg\" data-orig-src=\"https:\/\/rome2024.org\/wp-content\/uploads\/2023\/04\/fitet-bg-numeri.jpg\" alt class=\"lazyload img-responsive wp-image-7385\" srcset=\"data:image\/svg+xml,%3Csvg%20xmlns%3D%27http%3A%2F%2Fwww.w3.org%2F2000%2Fsvg%27%20width%3D%272362%27%20height%3D%271575%27%20viewBox%3D%270%200%202362%201575%27%3E%3Crect%20width%3D%272362%27%20height%3D%271575%27%20fill-opacity%3D%220%22%2F%3E%3C%2Fsvg%3E\" data-srcset=\"https:\/\/rome2024.org\/wp-content\/uploads\/2023\/04\/fitet-bg-numeri-200x133.jpg 200w, https:\/\/rome2024.org\/wp-content\/uploads\/2023\/04\/fitet-bg-numeri-400x267.jpg 400w, https:\/\/rome2024.org\/wp-content\/uploads\/2023\/04\/fitet-bg-numeri-600x400.jpg 600w, https:\/\/rome2024.org\/wp-content\/uploads\/2023\/04\/fitet-bg-numeri-800x533.jpg 800w, https:\/\/rome2024.org\/wp-content\/uploads\/2023\/04\/fitet-bg-numeri-1200x800.jpg 1200w, https:\/\/rome2024.org\/wp-content\/uploads\/2023\/04\/fitet-bg-numeri.jpg 2362w\" data-sizes=\"auto\" data-orig-sizes=\"(max-width: 450px) 100vw, 400px\" \/><\/span><\/div><\/div><\/div>\n<div class=\"fusion-layout-column fusion_builder_column fusion-builder-column-1 fusion_builder_column_2_3 2_3 fusion-flex-column\" style=\"--awb-bg-size:cover;--awb-width-large:66.666666666667%;--awb-margin-top-large:0px;--awb-spacing-right-large:50px;--awb-margin-bottom-large:20px;--awb-spacing-left-large:50px;--awb-width-medium:66.666666666667%;--awb-order-medium:0;--awb-spacing-right-medium:50px;--awb-spacing-left-medium:50px;--awb-width-small:100%;--awb-order-small:0;--awb-spacing-right-small:50px;--awb-spacing-left-small:50px;\"><div class=\"fusion-column-wrapper fusion-column-has-shadow fusion-flex-justify-content-flex-start fusion-content-layout-column\"><div class=\"fusion-text fusion-text-1\" style=\"--awb-content-alignment:justify;\"><div>\n<p>Wir sind sehr stolz, dies berichten zu k\u00f6nnen, <strong>zum ersten Mal in der Geschichte der Tischtennis-Weltmeisterschaften der Masters<\/strong>Das Wettkampfprogramm der WMC in Rom 2024 wird die Teilnahme von paralympischen Athleten beinhalten, die bereits bei den letzten Europameisterschaften in Rimini 2022 ausgezeichnet wurden.<\/p>\n<\/div>\n<div>\n<p>Die <strong>gesamte Infrastruktur<\/strong> des ausgewiesenen Austragungsortes ist <strong>f\u00fcr Athleten mit Behinderungen vollst\u00e4ndig zug\u00e4nglich<\/strong>, so dass die WM 2024 eine der wenigen vollst\u00e4ndig integrierten Sportveranstaltungen der Welt sein wird.<\/p>\n<\/div>\n<div>\n<p>Daher wurde mit Zustimmung der ITTF beschlossen, dass <strong>das Wettkampfprogramm f\u00fcr paralympische Athleten<\/strong> im Vergleich zu den bisherigen europ\u00e4ischen Erfahrungen <strong>bereichert wird<\/strong>.<\/p>\n<\/div>\n<div>\n<p>Die wichtigsten <strong>Merkmale<\/strong> f\u00fcr die <strong>Teilnahme<\/strong> von paralympischen Athleten sind folgende:<\/p>\n<\/div>\n<div>\n<ul>\n<li><span style=\"font-family: var(--awb-text-font-family); font-size: var(--awb-font-size); font-style: var(--awb-text-font-style); letter-spacing: var(--awb-letter-spacing); text-transform: var(--awb-text-transform);\">Athleten, die bereits in der ITTF Para TT-Datenbank klassifiziert und registriert sind (die Liste ist hier \u00f6ffentlich zug\u00e4nglich http:\/\/stats.ipttc.org\/en\/profiles), k\u00f6nnen sich anmelden und direkt an der Veranstaltung teilnehmen.<\/span><\/li>\n<li><span style=\"font-family: var(--awb-text-font-family); font-size: var(--awb-font-size); font-style: var(--awb-text-font-style); letter-spacing: var(--awb-letter-spacing); text-transform: var(--awb-text-transform);\">Auf Beschluss der ITTF werden keine internationalen Klassifizierungsbesuche durchgef\u00fchrt; die jeweiligen nationalen Klassifizierungen werden f\u00fcr die Teilnahme an der Veranstaltung als g\u00fcltig angesehen.<\/span><\/li>\n<li><span style=\"font-family: var(--awb-text-font-family); font-size: var(--awb-font-size); font-style: var(--awb-text-font-style); letter-spacing: var(--awb-letter-spacing); text-transform: var(--awb-text-transform);\">Athleten, die nicht klassifiziert sind, erhalten eine Klassifizierung, die nur f\u00fcr die Dauer des Wettkampfs g\u00fcltig ist.<\/span><\/li>\n<li><span style=\"font-family: var(--awb-text-font-family); font-size: var(--awb-font-size); font-style: var(--awb-text-font-style); letter-spacing: var(--awb-letter-spacing); text-transform: var(--awb-text-transform);\">Die Anmeldefrist f\u00fcr die Veranstaltung endet am 20. Mai 2024.<\/span><\/li>\n<\/ul>\n<\/div>\n<div>\n<p>Nur Athleten mit mindestens einer der in Frage kommenden Behinderungen werden klassifiziert (die Klassifizierung ist nur f\u00fcr die Veranstaltung g\u00fcltig).<\/p>\n<\/div>\n<\/div><div class=\"fusion-text fusion-text-2\" style=\"--awb-content-alignment:justify;\"><p style=\"font-weight: 400;\"><strong>Derzeit sind folgende Behinderungen f\u00f6rderf\u00e4hig:<\/strong><\/p>\n<ul style=\"font-weight: 400;\">\n<li>Beeintr\u00e4chtigte Muskelkraft<em>:<\/em> Athleten mit beeintr\u00e4chtigter Muskelkraft haben einen Gesundheitszustand, der ihre F\u00e4higkeit einschr\u00e4nkt oder aufhebt, Muskeln willentlich zusammenzuziehen, um sich zu bewegen oder Kraft zu erzeugen. Beispiele f\u00fcr eine Grunderkrankung, die zu einer Beeintr\u00e4chtigung der Muskelkraft f\u00fchren kann, sind R\u00fcckenmarksverletzungen (vollst\u00e4ndig oder unvollst\u00e4ndig, Tetra- oder Paraplegie oder Paraparese), Muskeldystrophie, Post-Polio-Syndrom und Spina bifida.<\/li>\n<li><em>Beeintr\u00e4chtigung des passiven Bewegungsumfangs (ROM<\/em> ): Sportler mit eingeschr\u00e4nktem passivem Bewegungsumfang haben eine Einschr\u00e4nkung oder einen Mangel an passiver Bewegung in einem oder mehreren Gelenken. Beispiele f\u00fcr eine Grunderkrankung, die zu einem eingeschr\u00e4nkten passiven Bewegungsumfang f\u00fchren kann, sind Arthrogrypose und Kontrakturen infolge einer chronischen Gelenkimmobilisierung oder eines Traumas, das ein Gelenk betrifft.<\/li>\n<li>Gliedma\u00dfendefizite<em>:<\/em> Athleten mit Gliedma\u00dfendefiziten weisen ein vollst\u00e4ndiges oder teilweises Fehlen von Knochen oder Gelenken als Folge eines Traumas (z. B. einer traumatischen Amputation), einer Krankheit (z. B. einer Amputation aufgrund von Knochenkrebs) oder eines angeborenen Gliedma\u00dfendefizits (z. B. Dysmelie) auf.<\/li>\n<li><em>Beinl\u00e4ngendifferenz:<\/em> Sportler mit einer Beinl\u00e4ngendifferenz haben eine Beinl\u00e4ngendifferenz aufgrund einer Wachstumsst\u00f6rung der Gliedma\u00dfen oder eines Traumas. Das Mindestkriterium f\u00fcr eine Beeintr\u00e4chtigung ist 7 cm.<\/li>\n<li>Kleinw\u00fcchsigkeit<em>:<\/em> Athleten mit Kleinw\u00fcchsigkeit haben eine geringere Knochenl\u00e4nge in den oberen und unteren Gliedma\u00dfen und\/oder im Rumpf. Beispiele f\u00fcr eine Grunderkrankung, die zu Kleinwuchs f\u00fchren kann, sind Achondroplasie, Wachstumshormonst\u00f6rungen und Osteogenesis imperfecta.<\/li>\n<li>Hypertonie<em>:<\/em> Sportler mit Hypertonie haben aufgrund einer Sch\u00e4digung des zentralen Nervensystems eine erh\u00f6hte Muskelspannung und eine verminderte F\u00e4higkeit, einen Muskel zu dehnen. Beispiele f\u00fcr eine Grunderkrankung, die zu Hypertonie f\u00fchren kann, sind zerebrale L\u00e4hmungen, traumatische Hirnverletzungen und Schlaganf\u00e4lle.<\/li>\n<li><em>Ataxie:<\/em> Sportler mit Ataxie haben unkoordinierte Bewegungen, die durch eine Sch\u00e4digung des zentralen Nervensystems verursacht werden. Beispiele f\u00fcr eine Grunderkrankung, die zu Ataxie f\u00fchren kann, sind Zerebralparese, traumatische Hirnverletzungen, Schlaganfall und Multiple Sklerose.<\/li>\n<li>Athetose<em>:<\/em> Athleten mit Athetose haben st\u00e4ndige langsame unwillk\u00fcrliche Bewegungen.<\/li>\n<\/ul>\n<p style=\"font-weight: 400;\">Es gibt viele <strong>andere k\u00f6rperlich-sensorische Beeintr\u00e4chtigungen<\/strong>, die zu einer Art von Behinderung f\u00fchren k\u00f6nnen, aber <strong>nicht in den ITTF-Sportklassifizierungsregeln enthalten<\/strong> sind und daher nicht ber\u00fccksichtigt werden. Dies ist eine nicht ersch\u00f6pfende Liste der nicht f\u00f6rderf\u00e4higen Situationen:<\/p>\n<ul style=\"font-weight: 400;\">\n<li>Sehbehinderung;<\/li>\n<li>Schmerz;<\/li>\n<li>Geh\u00f6rprobleme;<\/li>\n<li>Niedriger Muskeltonus;<\/li>\n<li>Hypermobilit\u00e4t der Gelenke;<\/li>\n<li>Gelenkinstabilit\u00e4t, wie z.B. ein instabiles Schultergelenk, wiederkehrende Luxation eines Gelenks;<\/li>\n<li>Verminderte muskul\u00e4re Ausdauer;<\/li>\n<li>Beeintr\u00e4chtigung der motorischen Reflexe;<\/li>\n<li>Beeintr\u00e4chtigung der kardiovaskul\u00e4ren Funktionen;<\/li>\n<li>Beeintr\u00e4chtigung der Atmungsfunktionen;<\/li>\n<li>Beeintr\u00e4chtigung der Stoffwechselfunktionen;<\/li>\n<li>Tics und Manierismen, Stereotypen und motorische Ausdauer.<\/li>\n<\/ul>\n<p style=\"font-weight: 400;\">F\u00fcr <strong>weitere Informationen \u00fcber Wettbewerbe f\u00fcr paralympische Athleten<\/strong> und wie Sie eine Klassifizierung erhalten k\u00f6nnen, senden Sie bitte eine E-Mail an <a href=\"mailto:info@rome2024.org\"><strong>info@rome2024.org<\/strong><\/a><\/p>\n<p style=\"font-weight: 400;\">\n<p style=\"font-weight: 400;\">\n<\/div><div class=\"fusion-image-element \" style=\"--awb-caption-title-size:var(--h2_typography-font-size);--awb-caption-title-transform:var(--h2_typography-text-transform);--awb-caption-title-line-height:var(--h2_typography-line-height);--awb-caption-title-letter-spacing:var(--h2_typography-letter-spacing);\"><span class=\" fusion-imageframe imageframe-none imageframe-2 hover-type-none\"><img decoding=\"async\" width=\"2560\" height=\"1621\" title=\"EVC_podio_singolare_paralimpico_di_classe_1-5\" src=\"https:\/\/rome2024.org\/wp-content\/uploads\/2023\/05\/EVC_podio_singolare_paralimpico_di_classe_1-5-scaled.jpg\" data-orig-src=\"https:\/\/rome2024.org\/wp-content\/uploads\/2023\/05\/EVC_podio_singolare_paralimpico_di_classe_1-5-scaled.jpg\" alt class=\"lazyload img-responsive wp-image-7999\" srcset=\"data:image\/svg+xml,%3Csvg%20xmlns%3D%27http%3A%2F%2Fwww.w3.org%2F2000%2Fsvg%27%20width%3D%272560%27%20height%3D%271621%27%20viewBox%3D%270%200%202560%201621%27%3E%3Crect%20width%3D%272560%27%20height%3D%271621%27%20fill-opacity%3D%220%22%2F%3E%3C%2Fsvg%3E\" data-srcset=\"https:\/\/rome2024.org\/wp-content\/uploads\/2023\/05\/EVC_podio_singolare_paralimpico_di_classe_1-5-scaled-200x127.jpg 200w, https:\/\/rome2024.org\/wp-content\/uploads\/2023\/05\/EVC_podio_singolare_paralimpico_di_classe_1-5-scaled-400x253.jpg 400w, https:\/\/rome2024.org\/wp-content\/uploads\/2023\/05\/EVC_podio_singolare_paralimpico_di_classe_1-5-scaled-600x380.jpg 600w, https:\/\/rome2024.org\/wp-content\/uploads\/2023\/05\/EVC_podio_singolare_paralimpico_di_classe_1-5-scaled-800x507.jpg 800w, https:\/\/rome2024.org\/wp-content\/uploads\/2023\/05\/EVC_podio_singolare_paralimpico_di_classe_1-5-scaled-1200x760.jpg 1200w, https:\/\/rome2024.org\/wp-content\/uploads\/2023\/05\/EVC_podio_singolare_paralimpico_di_classe_1-5-scaled.jpg 2560w\" data-sizes=\"auto\" data-orig-sizes=\"(max-width: 450px) 100vw, 800px\" \/><\/span><\/div><\/div><\/div><\/div><\/div>\n","protected":false},"excerpt":{"rendered":"","protected":false},"author":1,"featured_media":0,"parent":8609,"menu_order":0,"comment_status":"closed","ping_status":"closed","template":"100-width.php","meta":{"footnotes":""},"class_list":["post-8429","page","type-page","status-publish","hentry"],"_links":{"self":[{"href":"https:\/\/rome2024.org\/de\/wp-json\/wp\/v2\/pages\/8429","targetHints":{"allow":["GET"]}}],"collection":[{"href":"https:\/\/rome2024.org\/de\/wp-json\/wp\/v2\/pages"}],"about":[{"href":"https:\/\/rome2024.org\/de\/wp-json\/wp\/v2\/types\/page"}],"author":[{"embeddable":true,"href":"https:\/\/rome2024.org\/de\/wp-json\/wp\/v2\/users\/1"}],"replies":[{"embeddable":true,"href":"https:\/\/rome2024.org\/de\/wp-json\/wp\/v2\/comments?post=8429"}],"version-history":[{"count":8,"href":"https:\/\/rome2024.org\/de\/wp-json\/wp\/v2\/pages\/8429\/revisions"}],"predecessor-version":[{"id":24919,"href":"https:\/\/rome2024.org\/de\/wp-json\/wp\/v2\/pages\/8429\/revisions\/24919"}],"up":[{"embeddable":true,"href":"https:\/\/rome2024.org\/de\/wp-json\/wp\/v2\/pages\/8609"}],"wp:attachment":[{"href":"https:\/\/rome2024.org\/de\/wp-json\/wp\/v2\/media?parent=8429"}],"curies":[{"name":"wp","href":"https:\/\/api.w.org\/{rel}","templated":true}]}}