{"id":8612,"date":"2023-04-11T14:44:55","date_gmt":"2023-04-11T14:44:55","guid":{"rendered":"https:\/\/rome2024.org\/veranstaltungsort\/messe-rom\/"},"modified":"2023-07-12T09:56:26","modified_gmt":"2023-07-12T09:56:26","slug":"messe-rom","status":"publish","type":"page","link":"https:\/\/rome2024.org\/de\/veranstaltungsort\/messe-rom\/","title":{"rendered":"Messe Rom"},"content":{"rendered":"<div class=\"fusion-fullwidth fullwidth-box fusion-builder-row-1 fusion-flex-container nonhundred-percent-fullwidth non-hundred-percent-height-scrolling\" style=\"--awb-border-sizes-top:0px;--awb-border-sizes-bottom:0px;--awb-border-sizes-left:0px;--awb-border-sizes-right:0px;--awb-border-radius-top-left:0px;--awb-border-radius-top-right:0px;--awb-border-radius-bottom-right:0px;--awb-border-radius-bottom-left:0px;--awb-padding-top:120px;--awb-padding-bottom:120px;--awb-padding-top-medium:90px;--awb-padding-bottom-medium:90px;--awb-padding-top-small:40px;--awb-padding-bottom-small:80px;--awb-margin-bottom:0px;--awb-background-color:var(--awb-color1);\" ><div class=\"fusion-builder-row fusion-row fusion-flex-align-items-flex-start\" style=\"max-width:calc( 1200px + 100px );margin-left: calc(-100px \/ 2 );margin-right: calc(-100px \/ 2 );\"><div class=\"fusion-layout-column fusion_builder_column fusion-builder-column-0 awb-sticky awb-sticky-large fusion_builder_column_1_3 1_3 fusion-flex-column fusion-no-small-visibility\" style=\"--awb-padding-top:20px;--awb-padding-right:20px;--awb-padding-left:20px;--awb-overflow:hidden;--awb-bg-color:rgba(204,204,204,0.23);--awb-bg-size:cover;--awb-border-radius:10px 10px 10px 10px;--awb-width-large:33.333333333333%;--awb-margin-top-large:0px;--awb-spacing-right-large:50px;--awb-margin-bottom-large:20px;--awb-spacing-left-large:50px;--awb-width-medium:33.333333333333%;--awb-order-medium:0;--awb-spacing-right-medium:50px;--awb-spacing-left-medium:50px;--awb-width-small:100%;--awb-order-small:0;--awb-spacing-right-small:50px;--awb-spacing-left-small:50px;--awb-sticky-offset:230px;\"><div class=\"fusion-column-wrapper fusion-column-has-shadow fusion-flex-justify-content-flex-start fusion-content-layout-column\"><div class=\"fusion-title title fusion-title-1 fusion-sep-none fusion-title-text fusion-title-size-four\"><h4 class=\"title-heading-left\" style=\"margin:0;\">Veranstaltungsort<\/h4><\/div><nav class=\"awb-menu awb-menu_column awb-menu_em-hover mobile-mode-collapse-to-button awb-menu_icons-left awb-menu_dc-yes mobile-trigger-fullwidth-off awb-menu_mobile-toggle awb-menu_indent-left mobile-size-full-absolute loading mega-menu-loading awb-menu_desktop awb-menu_dropdown awb-menu_expand-right awb-menu_transition-fade fusion-no-small-visibility\" style=\"--awb-gap:20px;--awb-items-padding-top:0px;--awb-active-color:var(--awb-color2);--awb-submenu-space:0;--awb-icons-size:20;--awb-main-justify-content:flex-start;--awb-mobile-justify:flex-start;--awb-mobile-caret-left:auto;--awb-mobile-caret-right:0;--awb-fusion-font-family-typography:inherit;--awb-fusion-font-style-typography:normal;--awb-fusion-font-weight-typography:400;--awb-fusion-font-family-submenu-typography:inherit;--awb-fusion-font-style-submenu-typography:normal;--awb-fusion-font-weight-submenu-typography:400;--awb-fusion-font-family-mobile-typography:inherit;--awb-fusion-font-style-mobile-typography:normal;--awb-fusion-font-weight-mobile-typography:400;\" aria-label=\"Menu\" data-breakpoint=\"0\" data-count=\"0\" data-transition-type=\"fade\" data-transition-time=\"300\"><ul id=\"menu-sede-di-gara-tedesco\" class=\"fusion-menu awb-menu__main-ul awb-menu__main-ul_column\"><li  id=\"menu-item-9462\"  class=\"menu-item menu-item-type-post_type menu-item-object-page menu-item-9462 awb-menu__li awb-menu__main-li awb-menu__main-li_regular\"  data-item-id=\"9462\"><span class=\"awb-menu__main-background-default awb-menu__main-background-default_fade\"><\/span><span class=\"awb-menu__main-background-active awb-menu__main-background-active_fade\"><\/span><a  href=\"https:\/\/rome2024.org\/de\/veranstaltungsort\/messe-rom\/\" class=\"awb-menu__main-a awb-menu__main-a_regular fusion-flex-link\"><span class=\"awb-menu__i awb-menu__i_main fusion-megamenu-icon\"><i class=\"glyphicon fa-city fas\" aria-hidden=\"true\"><\/i><\/span><span class=\"menu-text\">Messe Rom<\/span><\/a><\/li><li  id=\"menu-item-9463\"  class=\"menu-item menu-item-type-post_type menu-item-object-page menu-item-9463 awb-menu__li awb-menu__main-li awb-menu__main-li_regular\"  data-item-id=\"9463\"><span class=\"awb-menu__main-background-default awb-menu__main-background-default_fade\"><\/span><span class=\"awb-menu__main-background-active awb-menu__main-background-active_fade\"><\/span><a  href=\"https:\/\/rome2024.org\/de\/veranstaltungsort\/einrichten\/\" class=\"awb-menu__main-a awb-menu__main-a_regular fusion-flex-link\"><span class=\"awb-menu__i awb-menu__i_main fusion-megamenu-icon\"><i class=\"glyphicon fa-layer-group fas\" aria-hidden=\"true\"><\/i><\/span><span class=\"menu-text\">Einrichten<\/span><\/a><\/li><li  id=\"menu-item-9464\"  class=\"menu-item menu-item-type-post_type menu-item-object-page menu-item-9464 awb-menu__li awb-menu__main-li awb-menu__main-li_regular\"  data-item-id=\"9464\"><span class=\"awb-menu__main-background-default awb-menu__main-background-default_fade\"><\/span><span class=\"awb-menu__main-background-active awb-menu__main-background-active_fade\"><\/span><a  href=\"https:\/\/rome2024.org\/de\/veranstaltungsort\/parkplaetze\/\" class=\"awb-menu__main-a awb-menu__main-a_regular fusion-flex-link\"><span class=\"awb-menu__i awb-menu__i_main fusion-megamenu-icon\"><i class=\"glyphicon fa-parking fas\" aria-hidden=\"true\"><\/i><\/span><span class=\"menu-text\">Parkpl\u00e4tze<\/span><\/a><\/li><li  id=\"menu-item-9465\"  class=\"menu-item menu-item-type-post_type menu-item-object-page menu-item-9465 awb-menu__li awb-menu__main-li awb-menu__main-li_regular\"  data-item-id=\"9465\"><span class=\"awb-menu__main-background-default awb-menu__main-background-default_fade\"><\/span><span class=\"awb-menu__main-background-active awb-menu__main-background-active_fade\"><\/span><a  href=\"https:\/\/rome2024.org\/de\/veranstaltungsort\/verpflegung\/\" class=\"awb-menu__main-a awb-menu__main-a_regular fusion-flex-link\"><span class=\"awb-menu__i awb-menu__i_main fusion-megamenu-icon\"><i class=\"glyphicon fa-utensils fas\" aria-hidden=\"true\"><\/i><\/span><span class=\"menu-text\">Verpflegung<\/span><\/a><\/li><li  id=\"menu-item-9466\"  class=\"menu-item menu-item-type-post_type menu-item-object-page menu-item-9466 awb-menu__li awb-menu__main-li awb-menu__main-li_regular\"  data-item-id=\"9466\"><span class=\"awb-menu__main-background-default awb-menu__main-background-default_fade\"><\/span><span class=\"awb-menu__main-background-active awb-menu__main-background-active_fade\"><\/span><a  href=\"https:\/\/rome2024.org\/de\/veranstaltungsort\/nachhaltigkeit\/\" class=\"awb-menu__main-a awb-menu__main-a_regular fusion-flex-link\"><span class=\"awb-menu__i awb-menu__i_main fusion-megamenu-icon\"><i class=\"glyphicon fa-leaf fas\" aria-hidden=\"true\"><\/i><\/span><span class=\"menu-text\">Nachhaltigkeit<\/span><\/a><\/li><li  id=\"menu-item-9467\"  class=\"menu-item menu-item-type-post_type menu-item-object-page menu-item-9467 awb-menu__li awb-menu__main-li awb-menu__main-li_regular\"  data-item-id=\"9467\"><span class=\"awb-menu__main-background-default awb-menu__main-background-default_fade\"><\/span><span class=\"awb-menu__main-background-active awb-menu__main-background-active_fade\"><\/span><a  href=\"https:\/\/rome2024.org\/de\/veranstaltungsort\/kommerzieller-bereich\/\" class=\"awb-menu__main-a awb-menu__main-a_regular fusion-flex-link\"><span class=\"awb-menu__i awb-menu__i_main fusion-megamenu-icon\"><i class=\"glyphicon fa-dumpster fas\" aria-hidden=\"true\"><\/i><\/span><span class=\"menu-text\">Kommerzieller Bereich<\/span><\/a><\/li><li  id=\"menu-item-9468\"  class=\"menu-item menu-item-type-post_type menu-item-object-page menu-item-9468 awb-menu__li awb-menu__main-li awb-menu__main-li_regular\"  data-item-id=\"9468\"><span class=\"awb-menu__main-background-default awb-menu__main-background-default_fade\"><\/span><span class=\"awb-menu__main-background-active awb-menu__main-background-active_fade\"><\/span><a  href=\"https:\/\/rome2024.org\/de\/veranstaltungsort\/fan-dorf\/\" class=\"awb-menu__main-a awb-menu__main-a_regular fusion-flex-link\"><span class=\"awb-menu__i awb-menu__i_main fusion-megamenu-icon\"><i class=\"glyphicon fa-play fas\" aria-hidden=\"true\"><\/i><\/span><span class=\"menu-text\">Fan-Dorf<\/span><\/a><\/li><\/ul><\/nav><div class=\"fusion-image-element \" style=\"--awb-margin-top:30px;--awb-margin-right:-20px;--awb-margin-bottom:0px;--awb-margin-left:-20px;--awb-caption-title-size:var(--h2_typography-font-size);--awb-caption-title-transform:var(--h2_typography-text-transform);--awb-caption-title-line-height:var(--h2_typography-line-height);--awb-caption-title-letter-spacing:var(--h2_typography-letter-spacing);\"><span class=\" fusion-imageframe imageframe-none imageframe-1 hover-type-none\"><img decoding=\"async\" width=\"1440\" height=\"960\" title=\"FieraDiRoma_001-2-2\" src=\"https:\/\/rome2024.org\/wp-content\/uploads\/2023\/07\/FieraDiRoma_001-2-2.jpeg\" data-orig-src=\"https:\/\/rome2024.org\/wp-content\/uploads\/2023\/07\/FieraDiRoma_001-2-2.jpeg\" alt class=\"lazyload img-responsive wp-image-13929\" srcset=\"data:image\/svg+xml,%3Csvg%20xmlns%3D%27http%3A%2F%2Fwww.w3.org%2F2000%2Fsvg%27%20width%3D%271440%27%20height%3D%27960%27%20viewBox%3D%270%200%201440%20960%27%3E%3Crect%20width%3D%271440%27%20height%3D%27960%27%20fill-opacity%3D%220%22%2F%3E%3C%2Fsvg%3E\" data-srcset=\"https:\/\/rome2024.org\/wp-content\/uploads\/2023\/07\/FieraDiRoma_001-2-2-200x133.jpeg 200w, https:\/\/rome2024.org\/wp-content\/uploads\/2023\/07\/FieraDiRoma_001-2-2-400x267.jpeg 400w, https:\/\/rome2024.org\/wp-content\/uploads\/2023\/07\/FieraDiRoma_001-2-2-600x400.jpeg 600w, https:\/\/rome2024.org\/wp-content\/uploads\/2023\/07\/FieraDiRoma_001-2-2-800x533.jpeg 800w, https:\/\/rome2024.org\/wp-content\/uploads\/2023\/07\/FieraDiRoma_001-2-2-1200x800.jpeg 1200w, https:\/\/rome2024.org\/wp-content\/uploads\/2023\/07\/FieraDiRoma_001-2-2.jpeg 1440w\" data-sizes=\"auto\" data-orig-sizes=\"(max-width: 450px) 100vw, 400px\" \/><\/span><\/div><\/div><\/div>\n<div class=\"fusion-layout-column fusion_builder_column fusion-builder-column-1 fusion_builder_column_2_3 2_3 fusion-flex-column\" style=\"--awb-bg-size:cover;--awb-width-large:66.666666666667%;--awb-margin-top-large:0px;--awb-spacing-right-large:50px;--awb-margin-bottom-large:20px;--awb-spacing-left-large:50px;--awb-width-medium:66.666666666667%;--awb-order-medium:0;--awb-spacing-right-medium:50px;--awb-spacing-left-medium:50px;--awb-width-small:100%;--awb-order-small:0;--awb-spacing-right-small:50px;--awb-spacing-left-small:50px;\"><div class=\"fusion-column-wrapper fusion-column-has-shadow fusion-flex-justify-content-flex-start fusion-content-layout-column\"><div class=\"fusion-text fusion-text-1\"><p><strong>Die Tischtennis-Weltmeisterschaften der Masters 2024 werden auf dem Neuen Messegel\u00e4nde in Rom ausgetragen.<\/strong><\/p>\n<\/div><div class=\"fusion-builder-row fusion-builder-row-inner fusion-row fusion-flex-align-items-flex-start\" style=\"width:calc( 100% + 100px ) !important;max-width:calc( 100% + 100px ) !important;margin-left: calc(-100px \/ 2 );margin-right: calc(-100px \/ 2 );\"><div class=\"fusion-layout-column fusion_builder_column_inner fusion-builder-nested-column-0 fusion-flex-column\" style=\"--awb-padding-right:0px;--awb-bg-size:cover;--awb-width-large:auto;--awb-margin-top-large:0px;--awb-spacing-right-large:0px;--awb-margin-bottom-large:20px;--awb-spacing-left-large:50px;--awb-width-medium:auto;--awb-order-medium:0;--awb-spacing-right-medium:0px;--awb-spacing-left-medium:50px;--awb-width-small:100%;--awb-order-small:0;--awb-spacing-right-small:50px;--awb-spacing-left-small:50px;\"><div class=\"fusion-column-wrapper fusion-column-has-shadow fusion-flex-justify-content-flex-start fusion-content-layout-column\"><i class=\"fb-icon-element-1 fb-icon-element fontawesome-icon fa-map-marked-alt fas circle-no fusion-text-flow\" style=\"--awb-iconcolor:var(--awb-color2);--awb-iconcolor-hover:var(--awb-color2);--awb-circlecolor:#ffffff;--awb-font-size:32px;--awb-margin-right:16px;\"><\/i><\/div><\/div><div class=\"fusion-layout-column fusion_builder_column_inner fusion-builder-nested-column-1 fusion_builder_column_inner_2_3 2_3 fusion-flex-column fusion-flex-align-self-center\" style=\"--awb-bg-size:cover;--awb-width-large:66.666666666667%;--awb-margin-top-large:0px;--awb-spacing-right-large:0px;--awb-margin-bottom-large:0px;--awb-spacing-left-large:0px;--awb-width-medium:66.666666666667%;--awb-order-medium:0;--awb-spacing-right-medium:0px;--awb-spacing-left-medium:0px;--awb-width-small:100%;--awb-order-small:0;--awb-spacing-right-small:50px;--awb-spacing-left-small:50px;\"><div class=\"fusion-column-wrapper fusion-column-has-shadow fusion-flex-justify-content-center fusion-content-layout-column\"><div class=\"fusion-text fusion-text-2\"><p><strong>MESSE VON ROME  <\/strong><span style=\"color: var(--awb-text-color); font-family: var(--awb-text-font-family); font-size: var(--awb-font-size); font-style: var(--awb-text-font-style); letter-spacing: var(--awb-letter-spacing); text-align: var(--awb-content-alignment); text-transform: var(--awb-text-transform); background-color: var(--awb-bg-color);\"><br \/>\n<\/span>Viale Alexandre Gustave Eiffel, 00148 Rom RM<br \/>\n<a href=\"http:\/\/www.fieraroma.it\"><span style=\"color: var(--awb-text-color); font-family: var(--awb-text-font-family); font-size: var(--awb-font-size); font-style: var(--awb-text-font-style); letter-spacing: var(--awb-letter-spacing); text-align: var(--awb-content-alignment); text-transform: var(--awb-text-transform); background-color: var(--awb-bg-color);\">www.fieraroma.it<\/span><\/a><\/p>\n<\/div><\/div><\/div><\/div><a class=\"fusion-modal-text-link\" href=\"#\"><iframe class=\"lazyload\" src=\"data:image\/svg+xml,%3Csvg%20xmlns%3D%27http%3A%2F%2Fwww.w3.org%2F2000%2Fsvg%27%20width%3D%27100%27%20height%3D%27300%27%20viewBox%3D%270%200%20100%20300%27%3E%3Crect%20width%3D%27100%27%20height%3D%27300%27%20fill-opacity%3D%220%22%2F%3E%3C%2Fsvg%3E\" data-orig-src=\"https:\/\/www.google.com\/maps\/embed?pb=!1m18!1m12!1m3!1d2973.8766415561254!2d12.330588612001828!3d41.80941776959111!2m3!1f0!2f0!3f0!3m2!1i1024!2i768!4f13.1!3m3!1m2!1s0x1325f703cc76503f%3A0x6ba694f62cfc864a!2sFiera%20di%20Roma%20-%20Ingresso%20Est!5e0!3m2!1sit!2sit!4v1682690193935!5m2!1sit!2sit\" width=\"100%\" height=\"300\" style=\"border:0;\" allowfullscreen=\"\" loading=\"lazy\" referrerpolicy=\"no-referrer-when-downgrade\"><\/iframe><\/a><div class=\"fusion-text fusion-text-3\" style=\"--awb-margin-top:20px;\"><p>Die 2006 eingeweihte<b> Fiera Roma <\/b>ist der Messeplatz der Stadt Rom und der Region Latium, einer der gr\u00f6\u00dften und anerkanntesten in Europa.<\/p>\n<p>Rom, ein international bekanntes Reiseziel, liegt strategisch g\u00fcnstig zwischen Nord- und S\u00fcditalien und Europa, im Zentrum der Wirtschaftsstr\u00f6me im Mittelmeerraum: eine Br\u00fccke zwischen alten und neuen M\u00e4rkten.<\/p>\n<p>Die gro\u00dfartige Arbeit von Arch. Tommaso Valle steht f\u00fcr ein futuristisches Gesch\u00e4ftszentrum. Sie ist \u00fcber ein Netz von Fiera Roma-Verbindungen<b> leicht vom Flughafen Fiumicino und von der Stadt aus zu erreichen und verf\u00fcgt \u00fcber eine eigene Zughaltestelle Roma-Ostiense und Roma-Tiburtina<\/b>.<br \/>\n<span style=\"color: var(--awb-text-color); font-family: var(--awb-text-font-family); font-size: var(--awb-font-size); font-style: var(--awb-text-font-style); letter-spacing: var(--awb-letter-spacing); text-align: var(--awb-content-alignment); text-transform: var(--awb-text-transform); background-color: var(--awb-bg-color);\">Ein beeindruckender Steg in 6 Metern H\u00f6he erm\u00f6glicht den Zugang von oben zu den <b>9 Pavillons<\/b> und dem Kongresszentrum und macht das Messegel\u00e4nde mit einer <b>Gesamtbruttofl\u00e4che von 390.000 Quadratmetern<\/b> modern und multifunktional.<\/span><\/p>\n<p>Die extreme Vielseitigkeit der Einrichtungen, die sogar mehrere Veranstaltungen gleichzeitig abhalten k\u00f6nnen, die breite Palette der angebotenen Dienstleistungen, die hochmoderne Technologie und der effiziente Organisationsapparat machen Fiera Roma zu einem idealen Ort f\u00fcr Messeausstellungen und Gro\u00dfveranstaltungen von nationaler und internationaler Bedeutung.<\/p>\n<\/div><div class=\"fusion-text fusion-text-4\" style=\"--awb-margin-top:20px;\"><p><b>Die Zahlen der Fiera Roma:<\/b><\/p>\n<ul>\n<li style=\"font-weight: 400;\">390.000 Quadratmeter Bruttogeschossfl\u00e4che, davon 30.000 \u00f6ffentliche Gr\u00fcnfl\u00e4chen und 150.000 \u00fcberdachte Ausstellungsfl\u00e4chen<\/li>\n<li style=\"font-weight: 400;\">9 Rechteckige Pavillons ohne S\u00e4ulen<\/li>\n<li style=\"font-weight: 400;\">1 Konferenzzentrum mit 10 voll ausgestatteten Tagungsr\u00e4umen<\/li>\n<li style=\"font-weight: 400;\">150 Kilometer Glasfaserverkabelung<\/li>\n<li style=\"font-weight: 400;\">bis zu 10 Tausend gleichzeitige Wi-Fi-Verbindungen pro Pavillon<\/li>\n<li style=\"font-weight: 400;\">12 Gastronomiebetriebe (Bar\/Caf\u00e9)<\/li>\n<li style=\"font-weight: 400;\">2 gro\u00dfe Parkh\u00e4user mit 7.000 Stellpl\u00e4tzen im vorderen Bereich<\/li>\n<li style=\"font-weight: 400;\">20.000 m2 multifunktionaler Rundweg im Freien<\/li>\n<\/ul>\n<p style=\"font-weight: 400;\">\n<\/div><div class=\"fusion-image-element \" style=\"--awb-caption-title-size:var(--h2_typography-font-size);--awb-caption-title-transform:var(--h2_typography-text-transform);--awb-caption-title-line-height:var(--h2_typography-line-height);--awb-caption-title-letter-spacing:var(--h2_typography-letter-spacing);\"><span class=\" fusion-imageframe imageframe-none imageframe-2 hover-type-none\"><img decoding=\"async\" width=\"1920\" height=\"1237\" title=\"Mappa-Quartiere_it\" src=\"https:\/\/rome2024.org\/wp-content\/uploads\/2023\/07\/Mappa-Quartiere_it.jpg\" data-orig-src=\"https:\/\/rome2024.org\/wp-content\/uploads\/2023\/07\/Mappa-Quartiere_it.jpg\" alt class=\"lazyload img-responsive wp-image-13921\" srcset=\"data:image\/svg+xml,%3Csvg%20xmlns%3D%27http%3A%2F%2Fwww.w3.org%2F2000%2Fsvg%27%20width%3D%271920%27%20height%3D%271237%27%20viewBox%3D%270%200%201920%201237%27%3E%3Crect%20width%3D%271920%27%20height%3D%271237%27%20fill-opacity%3D%220%22%2F%3E%3C%2Fsvg%3E\" data-srcset=\"https:\/\/rome2024.org\/wp-content\/uploads\/2023\/07\/Mappa-Quartiere_it-200x129.jpg 200w, https:\/\/rome2024.org\/wp-content\/uploads\/2023\/07\/Mappa-Quartiere_it-400x258.jpg 400w, https:\/\/rome2024.org\/wp-content\/uploads\/2023\/07\/Mappa-Quartiere_it-600x387.jpg 600w, https:\/\/rome2024.org\/wp-content\/uploads\/2023\/07\/Mappa-Quartiere_it-800x515.jpg 800w, https:\/\/rome2024.org\/wp-content\/uploads\/2023\/07\/Mappa-Quartiere_it-1200x773.jpg 1200w, https:\/\/rome2024.org\/wp-content\/uploads\/2023\/07\/Mappa-Quartiere_it.jpg 1920w\" data-sizes=\"auto\" data-orig-sizes=\"(max-width: 450px) 100vw, 1920px\" \/><\/span><\/div><\/div><\/div><\/div><\/div>\n","protected":false},"excerpt":{"rendered":"","protected":false},"author":1,"featured_media":0,"parent":8591,"menu_order":0,"comment_status":"closed","ping_status":"closed","template":"100-width.php","meta":{"footnotes":""},"class_list":["post-8612","page","type-page","status-publish","hentry"],"_links":{"self":[{"href":"https:\/\/rome2024.org\/de\/wp-json\/wp\/v2\/pages\/8612","targetHints":{"allow":["GET"]}}],"collection":[{"href":"https:\/\/rome2024.org\/de\/wp-json\/wp\/v2\/pages"}],"about":[{"href":"https:\/\/rome2024.org\/de\/wp-json\/wp\/v2\/types\/page"}],"author":[{"embeddable":true,"href":"https:\/\/rome2024.org\/de\/wp-json\/wp\/v2\/users\/1"}],"replies":[{"embeddable":true,"href":"https:\/\/rome2024.org\/de\/wp-json\/wp\/v2\/comments?post=8612"}],"version-history":[{"count":0,"href":"https:\/\/rome2024.org\/de\/wp-json\/wp\/v2\/pages\/8612\/revisions"}],"up":[{"embeddable":true,"href":"https:\/\/rome2024.org\/de\/wp-json\/wp\/v2\/pages\/8591"}],"wp:attachment":[{"href":"https:\/\/rome2024.org\/de\/wp-json\/wp\/v2\/media?parent=8612"}],"curies":[{"name":"wp","href":"https:\/\/api.w.org\/{rel}","templated":true}]}}