{"id":8428,"date":"2023-06-08T13:58:18","date_gmt":"2023-06-08T13:58:18","guid":{"rendered":"https:\/\/rome2024.org\/recepcion\/politica-de-privacidad-i-viaggi-del-perigeo\/"},"modified":"2023-06-10T22:29:10","modified_gmt":"2023-06-10T22:29:10","slug":"politica-de-privacidad-i-viaggi-del-perigeo","status":"publish","type":"page","link":"https:\/\/rome2024.org\/es\/recepcion\/politica-de-privacidad-i-viaggi-del-perigeo\/","title":{"rendered":"Pol\u00edtica de privacidad I Viaggi del Perigeo"},"content":{"rendered":"<div class=\"fusion-fullwidth fullwidth-box fusion-builder-row-1 fusion-flex-container nonhundred-percent-fullwidth non-hundred-percent-height-scrolling\" style=\"--awb-border-sizes-top:0px;--awb-border-sizes-bottom:0px;--awb-border-sizes-left:0px;--awb-border-sizes-right:0px;--awb-border-radius-top-left:0px;--awb-border-radius-top-right:0px;--awb-border-radius-bottom-right:0px;--awb-border-radius-bottom-left:0px;--awb-padding-top:120px;--awb-padding-bottom:120px;--awb-padding-top-medium:90px;--awb-padding-bottom-medium:90px;--awb-padding-top-small:40px;--awb-padding-bottom-small:80px;--awb-margin-bottom:0px;--awb-background-color:var(--awb-color1);\" ><div class=\"fusion-builder-row fusion-row fusion-flex-align-items-flex-start\" style=\"max-width:calc( 1200px + 100px );margin-left: calc(-100px \/ 2 );margin-right: calc(-100px \/ 2 );\"><div class=\"fusion-layout-column fusion_builder_column fusion-builder-column-0 awb-sticky awb-sticky-large fusion_builder_column_1_3 1_3 fusion-flex-column fusion-no-small-visibility\" style=\"--awb-padding-top:20px;--awb-padding-right:20px;--awb-padding-left:20px;--awb-overflow:hidden;--awb-bg-color:rgba(204,204,204,0.23);--awb-bg-position:right center;--awb-bg-size:cover;--awb-border-radius:10px 10px 10px 10px;--awb-width-large:33.333333333333%;--awb-margin-top-large:0px;--awb-spacing-right-large:50px;--awb-margin-bottom-large:20px;--awb-spacing-left-large:50px;--awb-width-medium:33.333333333333%;--awb-order-medium:0;--awb-spacing-right-medium:50px;--awb-spacing-left-medium:50px;--awb-width-small:100%;--awb-order-small:0;--awb-spacing-right-small:50px;--awb-spacing-left-small:50px;--awb-sticky-offset:230px;\"><div class=\"fusion-column-wrapper fusion-column-has-shadow fusion-flex-justify-content-flex-start fusion-content-layout-column\"><div class=\"fusion-title title fusion-title-1 fusion-sep-none fusion-title-text fusion-title-size-four\"><h4 class=\"title-heading-left\" style=\"margin:0;\">Recepci\u00f3n<\/h4><\/div><nav class=\"awb-menu awb-menu_column awb-menu_em-hover mobile-mode-collapse-to-button awb-menu_icons-left awb-menu_dc-yes mobile-trigger-fullwidth-off awb-menu_mobile-toggle awb-menu_indent-left mobile-size-full-absolute loading mega-menu-loading awb-menu_desktop awb-menu_dropdown awb-menu_expand-right awb-menu_transition-fade fusion-no-small-visibility\" style=\"--awb-gap:20px;--awb-items-padding-top:0px;--awb-active-color:var(--awb-color2);--awb-submenu-space:0;--awb-icons-size:20;--awb-main-justify-content:flex-start;--awb-mobile-justify:flex-start;--awb-mobile-caret-left:auto;--awb-mobile-caret-right:0;--awb-fusion-font-family-typography:inherit;--awb-fusion-font-style-typography:normal;--awb-fusion-font-weight-typography:400;--awb-fusion-font-family-submenu-typography:inherit;--awb-fusion-font-style-submenu-typography:normal;--awb-fusion-font-weight-submenu-typography:400;--awb-fusion-font-family-mobile-typography:inherit;--awb-fusion-font-style-mobile-typography:normal;--awb-fusion-font-weight-mobile-typography:400;\" aria-label=\"Menu\" data-breakpoint=\"0\" data-count=\"0\" data-transition-type=\"fade\" data-transition-time=\"300\"><ul id=\"menu-accoglienza-spagnolo\" class=\"fusion-menu awb-menu__main-ul awb-menu__main-ul_column\"><li  id=\"menu-item-9536\"  class=\"menu-item menu-item-type-post_type menu-item-object-page menu-item-9536 awb-menu__li awb-menu__main-li awb-menu__main-li_regular\"  data-item-id=\"9536\"><span class=\"awb-menu__main-background-default awb-menu__main-background-default_fade\"><\/span><span class=\"awb-menu__main-background-active awb-menu__main-background-active_fade\"><\/span><a  href=\"https:\/\/rome2024.org\/es\/recepcion\/socio-hospitalario-oficial\/\" class=\"awb-menu__main-a awb-menu__main-a_regular fusion-flex-link\"><span class=\"awb-menu__i awb-menu__i_main fusion-megamenu-icon\"><i class=\"glyphicon fa-hotel fas\" aria-hidden=\"true\"><\/i><\/span><span class=\"menu-text\">Socio hospitalario oficial<\/span><\/a><\/li><li  id=\"menu-item-9537\"  class=\"menu-item menu-item-type-post_type menu-item-object-page menu-item-9537 awb-menu__li awb-menu__main-li awb-menu__main-li_regular\"  data-item-id=\"9537\"><span class=\"awb-menu__main-background-default awb-menu__main-background-default_fade\"><\/span><span class=\"awb-menu__main-background-active awb-menu__main-background-active_fade\"><\/span><a  href=\"https:\/\/rome2024.org\/es\/recepcion\/reserva-de-hotel\/\" class=\"awb-menu__main-a awb-menu__main-a_regular fusion-flex-link\"><span class=\"awb-menu__i awb-menu__i_main fusion-megamenu-icon\"><i class=\"glyphicon fa-bed fas\" aria-hidden=\"true\"><\/i><\/span><span class=\"menu-text\">Reserva de hotel<\/span><\/a><\/li><li  id=\"menu-item-9538\"  class=\"menu-item menu-item-type-post_type menu-item-object-page menu-item-9538 awb-menu__li awb-menu__main-li awb-menu__main-li_regular\"  data-item-id=\"9538\"><span class=\"awb-menu__main-background-default awb-menu__main-background-default_fade\"><\/span><span class=\"awb-menu__main-background-active awb-menu__main-background-active_fade\"><\/span><a  href=\"https:\/\/rome2024.org\/es\/recepcion\/servicios-de-tarjetas\/\" class=\"awb-menu__main-a awb-menu__main-a_regular fusion-flex-link\"><span class=\"awb-menu__i awb-menu__i_main fusion-megamenu-icon\"><i class=\"glyphicon fa-id-card fas\" aria-hidden=\"true\"><\/i><\/span><span class=\"menu-text\">Servicios de tarjetas<\/span><\/a><\/li><li  id=\"menu-item-9539\"  class=\"menu-item menu-item-type-post_type menu-item-object-page menu-item-9539 awb-menu__li awb-menu__main-li awb-menu__main-li_regular\"  data-item-id=\"9539\"><span class=\"awb-menu__main-background-default awb-menu__main-background-default_fade\"><\/span><span class=\"awb-menu__main-background-active awb-menu__main-background-active_fade\"><\/span><a  href=\"https:\/\/rome2024.org\/es\/recepcion\/visado-para-italia\/\" class=\"awb-menu__main-a awb-menu__main-a_regular fusion-flex-link\"><span class=\"awb-menu__i awb-menu__i_main fusion-megamenu-icon\"><i class=\"glyphicon fa-digital-tachograph fas\" aria-hidden=\"true\"><\/i><\/span><span class=\"menu-text\">Visado para Italia<\/span><\/a><\/li><\/ul><\/nav><div class=\"fusion-image-element \" style=\"--awb-margin-top:30px;--awb-margin-right:-20px;--awb-margin-bottom:0px;--awb-margin-left:-20px;--awb-caption-title-size:var(--h2_typography-font-size);--awb-caption-title-transform:var(--h2_typography-text-transform);--awb-caption-title-line-height:var(--h2_typography-line-height);--awb-caption-title-letter-spacing:var(--h2_typography-letter-spacing);\"><span class=\" fusion-imageframe imageframe-none imageframe-1 hover-type-none\"><img decoding=\"async\" width=\"2560\" height=\"1707\" title=\"ROMA06\" src=\"https:\/\/rome2024.org\/wp-content\/uploads\/2023\/02\/ROMA06-scaled.jpg\" data-orig-src=\"https:\/\/rome2024.org\/wp-content\/uploads\/2023\/02\/ROMA06-scaled.jpg\" alt class=\"lazyload img-responsive wp-image-7257\" srcset=\"data:image\/svg+xml,%3Csvg%20xmlns%3D%27http%3A%2F%2Fwww.w3.org%2F2000%2Fsvg%27%20width%3D%272560%27%20height%3D%271707%27%20viewBox%3D%270%200%202560%201707%27%3E%3Crect%20width%3D%272560%27%20height%3D%271707%27%20fill-opacity%3D%220%22%2F%3E%3C%2Fsvg%3E\" data-srcset=\"https:\/\/rome2024.org\/wp-content\/uploads\/2023\/02\/ROMA06-scaled-200x133.jpg 200w, https:\/\/rome2024.org\/wp-content\/uploads\/2023\/02\/ROMA06-scaled-400x267.jpg 400w, https:\/\/rome2024.org\/wp-content\/uploads\/2023\/02\/ROMA06-scaled-600x400.jpg 600w, https:\/\/rome2024.org\/wp-content\/uploads\/2023\/02\/ROMA06-scaled-800x533.jpg 800w, https:\/\/rome2024.org\/wp-content\/uploads\/2023\/02\/ROMA06-scaled-1200x800.jpg 1200w, https:\/\/rome2024.org\/wp-content\/uploads\/2023\/02\/ROMA06-scaled.jpg 2560w\" data-sizes=\"auto\" data-orig-sizes=\"(max-width: 450px) 100vw, 400px\" \/><\/span><\/div><\/div><\/div>\n<div class=\"fusion-layout-column fusion_builder_column fusion-builder-column-1 fusion_builder_column_2_3 2_3 fusion-flex-column\" style=\"--awb-overflow:hidden;--awb-bg-size:cover;--awb-border-radius:10px 10px 10px 10px;--awb-width-large:66.666666666667%;--awb-margin-top-large:0px;--awb-spacing-right-large:50px;--awb-margin-bottom-large:0px;--awb-spacing-left-large:50px;--awb-width-medium:66.666666666667%;--awb-order-medium:0;--awb-spacing-right-medium:50px;--awb-spacing-left-medium:50px;--awb-width-small:100%;--awb-order-small:0;--awb-spacing-right-small:50px;--awb-spacing-left-small:50px;\"><div class=\"fusion-column-wrapper fusion-column-has-shadow fusion-flex-justify-content-flex-start fusion-content-layout-column\"><div class=\"fusion-text fusion-text-1\"><p>Estimado cliente,<\/p>\n<p>De conformidad con el art. 13 del Reglamento Europeo 2016\/679 de protecci\u00f3n de datos de car\u00e1cter personal (GDPR), le informamos que los datos personales facilitados por usted o en todo caso adquiridos con ocasi\u00f3n de la suscripci\u00f3n de la Tarjeta de Fidelizaci\u00f3n ser\u00e1n tratados de conformidad con la legislaci\u00f3n vigente y los principios de correcci\u00f3n, licitud, transparencia y protecci\u00f3n de la confidencialidad previstos en la misma.<\/p>\n<p><strong>CONTROLADOR DE DATOS<\/strong><\/p>\n<p>El responsable del tratamiento de los datos es I VIAGGI DEL PERIGEO SRL, con sede en Roma, en la persona de su representante legal que, en el \u00e1mbito de sus prerrogativas, podr\u00e1 valerse de la colaboraci\u00f3n de responsables o encargados espec\u00edficamente identificados. Puede ponerse en contacto con el propietario en la direcci\u00f3n de correo electr\u00f3nico <a href=\"mailto:info@iviaggidelperigeo.it\">info@iviaggidelperigeo.it<\/a><\/p>\n<p><strong>DATOS RECOGIDOS<\/strong><\/p>\n<p>Los datos recogidos por el Responsable del Tratamiento son los facilitados por el usuario (por ejemplo, nombre, apellidos, sexo, fecha de nacimiento, CIF, documento, correo electr\u00f3nico, tel\u00e9fono, compras realizadas).<\/p>\n<p><strong>MODO DE TRATAMIENTO<\/strong><\/p>\n<p>Los datos se tratar\u00e1n con la ayuda de instrumentos inform\u00e1ticos y\/o en papel, seg\u00fan l\u00f3gicas estrictamente relacionadas con las finalidades indicadas anteriormente y adoptando en cualquier caso procedimientos y medidas adecuadas para proteger su seguridad y confidencialidad.<\/p>\n<p><strong>FINALIDAD DEL TRATAMIENTO<\/strong><\/p>\n<p>Los datos se tratar\u00e1n con el fin de llevar a cabo las actividades enumeradas a continuaci\u00f3n:<\/p>\n<ol>\n<li>la realizaci\u00f3n, previo consentimiento expreso por escrito, de actividades de marketing directo, como el env\u00edo -tambi\u00e9n por correo electr\u00f3nico, SMS y MMS- de material publicitario y comunicaciones con contenido informativo y\/o promocional en relaci\u00f3n con productos o servicios suministrados y\/o promovidos por el Responsable o sus socios comerciales, incluidos regalos y muestras gratuitas;<\/li>\n<li>la realizaci\u00f3n, previo consentimiento expreso por escrito, de actividades de elaboraci\u00f3n de perfiles individuales o agregados y de estudios de mercado destinados, por ejemplo, a analizar los h\u00e1bitos y elecciones de los consumidores, elaborar estad\u00edsticas sobre los mismos o evaluar el grado de satisfacci\u00f3n con los productos y servicios ofrecidos.<\/li>\n<\/ol>\n<p><strong>NATURALEZA DEL SUMINISTRO DE DATOS<\/strong><\/p>\n<p>A efectos de lo dispuesto en los p\u00e1rrafos (a) y b) del punto anterior, el suministro de los datos es facultativo, y cualquier negativa a suministrar dichos datos y a dar su consentimiento imposibilitar\u00e1 que el Responsable del tratamiento lleve a cabo las actividades de marketing directo y elaboraci\u00f3n de perfiles indicadas en los mismos.<\/p>\n<p><strong>ALCANCE DE LA DIFUSI\u00d3N DE DATOS<\/strong><\/p>\n<p>Los datos ser\u00e1n tratados por personal empleado directamente por el Responsable del Tratamiento y\/o por personas f\u00edsicas o jur\u00eddicas designadas espec\u00edficamente por \u00e9ste como encargados o responsables del tratamiento. Los datos facilitados no se divulgar\u00e1n ni comunicar\u00e1n en ning\u00fan caso a terceros, salvo a aquellos cuyo derecho de acceso a los datos est\u00e9 reconocido por ley o por orden de las autoridades.<\/p>\n<p><strong>PERIODOS DE ALMACENAMIENTO<\/strong><\/p>\n<p>El responsable del tratamiento conservar\u00e1 los datos personales durante un periodo de tres a\u00f1os.<\/p>\n<p>El Responsable del Tratamiento puede verse obligado a conservar los Datos Personales del cliente durante un periodo m\u00e1s largo en cumplimiento de una obligaci\u00f3n legal o por orden de una autoridad.<\/p>\n<p>Al final del periodo de conservaci\u00f3n, se eliminar\u00e1n los Datos Personales del cliente y los datos adquiridos. Por lo tanto, una vez transcurrido este plazo, ya no se podr\u00e1n ejercer los derechos de acceso, cancelaci\u00f3n, rectificaci\u00f3n y portabilidad de datos.<\/p>\n<p><strong>DERECHOS DE LOS INTERESADOS<\/strong><\/p>\n<p>Las personas a las que se refieren los datos personales pueden ejercer en cualquier momento sus derechos frente al Responsable del Tratamiento, de conformidad con el Reglamento Europeo 679\/2016 (GDPR) y la legislaci\u00f3n nacional. En particular, pueden:<\/p>\n<ol>\n<li>A que se le confirme la existencia o inexistencia de datos personales que le conciernan, aunque a\u00fan no est\u00e9n registrados, y a que se le comuniquen de forma inteligible;<\/li>\n<li>Obtener informaci\u00f3n sobre el origen de los datos personales, los fines y m\u00e9todos del tratamiento; la l\u00f3gica aplicada en caso de tratamiento realizado con ayuda de instrumentos electr\u00f3nicos; la identidad del responsable del tratamiento, de los encargados del tratamiento y del representante designado.<\/li>\n<li>Obtener la actualizaci\u00f3n, rectificaci\u00f3n o complementaci\u00f3n de los datos;<\/li>\n<li>Obtener la supresi\u00f3n, la transformaci\u00f3n en forma an\u00f3nima o el bloqueo de los datos tratados infringiendo la ley, incluidos los datos que no sea necesario conservar en relaci\u00f3n con los fines para los que fueron recogidos o posteriormente tratados;<\/li>\n<li>Obtener la certificaci\u00f3n de que las operaciones mencionadas han sido puestas en conocimiento de aquellos a quienes se han comunicado o difundido los datos, salvo cuando ello resulte imposible o suponga un esfuerzo manifiestamente desproporcionado en relaci\u00f3n con el derecho tutelado;<\/li>\n<li>Oponerse, total o parcialmente, por motivos leg\u00edtimos, al tratamiento de los datos personales que le conciernan y que sigan siendo pertinentes para la finalidad de la recogida, as\u00ed como al tratamiento de los datos personales que le conciernan con fines de env\u00edo de material publicitario o de venta directa o para la realizaci\u00f3n de estudios de mercado o de comunicaci\u00f3n comercial.<\/li>\n<li>Recibir sus datos y los introducidos en la aplicaci\u00f3n, en un formato estructurado legible por un procesador de datos y en un formato com\u00fanmente utilizado por un dispositivo inform\u00e1tico (portabilidad de datos);<\/li>\n<\/ol>\n<p>Para ejercer estos derechos, el interesado puede ponerse en contacto directamente con el responsable del tratamiento.<\/p>\n<p><strong>CONSENTIMIENTO PARA EL TRATAMIENTO DE DATOS PERSONALES<\/strong><\/p>\n<p>Una vez le\u00edda la presente nota informativa, el abajo firmante declara haber comprendido su contenido y presta su consentimiento al tratamiento de sus datos personales y a la gesti\u00f3n de las actividades que no puedan realizarse de forma an\u00f3nima y que sean necesarias para que los suscriptores puedan beneficiarse y reconocer descuentos y promociones, as\u00ed como para ofrecer y enviar premios.<\/p>\n<\/div><\/div><\/div><\/div><\/div>\n","protected":false},"excerpt":{"rendered":"","protected":false},"author":5,"featured_media":0,"parent":8363,"menu_order":0,"comment_status":"closed","ping_status":"closed","template":"100-width.php","meta":{"footnotes":""},"class_list":["post-8428","page","type-page","status-publish","hentry"],"_links":{"self":[{"href":"https:\/\/rome2024.org\/es\/wp-json\/wp\/v2\/pages\/8428","targetHints":{"allow":["GET"]}}],"collection":[{"href":"https:\/\/rome2024.org\/es\/wp-json\/wp\/v2\/pages"}],"about":[{"href":"https:\/\/rome2024.org\/es\/wp-json\/wp\/v2\/types\/page"}],"author":[{"embeddable":true,"href":"https:\/\/rome2024.org\/es\/wp-json\/wp\/v2\/users\/5"}],"replies":[{"embeddable":true,"href":"https:\/\/rome2024.org\/es\/wp-json\/wp\/v2\/comments?post=8428"}],"version-history":[{"count":0,"href":"https:\/\/rome2024.org\/es\/wp-json\/wp\/v2\/pages\/8428\/revisions"}],"up":[{"embeddable":true,"href":"https:\/\/rome2024.org\/es\/wp-json\/wp\/v2\/pages\/8363"}],"wp:attachment":[{"href":"https:\/\/rome2024.org\/es\/wp-json\/wp\/v2\/media?parent=8428"}],"curies":[{"name":"wp","href":"https:\/\/api.w.org\/{rel}","templated":true}]}}