{"id":8477,"date":"2023-05-21T08:47:18","date_gmt":"2023-05-21T08:47:18","guid":{"rendered":"https:\/\/rome2024.org\/atletas-paralimpicos\/"},"modified":"2024-06-14T19:31:24","modified_gmt":"2024-06-14T19:31:24","slug":"atletas-paralimpicos","status":"publish","type":"page","link":"https:\/\/rome2024.org\/es\/wmc2024\/atletas-paralimpicos\/","title":{"rendered":"Atletas paral\u00edmpicos"},"content":{"rendered":"<div class=\"fusion-fullwidth fullwidth-box fusion-builder-row-1 fusion-flex-container nonhundred-percent-fullwidth non-hundred-percent-height-scrolling\" style=\"--awb-border-sizes-top:0px;--awb-border-sizes-bottom:0px;--awb-border-sizes-left:0px;--awb-border-sizes-right:0px;--awb-border-radius-top-left:0px;--awb-border-radius-top-right:0px;--awb-border-radius-bottom-right:0px;--awb-border-radius-bottom-left:0px;--awb-padding-top:120px;--awb-padding-bottom:120px;--awb-padding-top-medium:90px;--awb-padding-bottom-medium:90px;--awb-padding-top-small:80px;--awb-padding-bottom-small:80px;--awb-margin-bottom:0px;--awb-background-color:var(--awb-color1);\" ><div class=\"fusion-builder-row fusion-row fusion-flex-align-items-flex-start\" style=\"max-width:calc( 1200px + 100px );margin-left: calc(-100px \/ 2 );margin-right: calc(-100px \/ 2 );\"><div class=\"fusion-layout-column fusion_builder_column fusion-builder-column-0 awb-sticky awb-sticky-large fusion_builder_column_1_3 1_3 fusion-flex-column fusion-no-small-visibility\" style=\"--awb-padding-top:20px;--awb-padding-right:20px;--awb-padding-left:20px;--awb-overflow:hidden;--awb-bg-color:rgba(204,204,204,0.23);--awb-bg-position:right center;--awb-bg-size:cover;--awb-border-radius:10px 10px 10px 10px;--awb-width-large:33.333333333333%;--awb-margin-top-large:0px;--awb-spacing-right-large:50px;--awb-margin-bottom-large:20px;--awb-spacing-left-large:50px;--awb-width-medium:33.333333333333%;--awb-order-medium:0;--awb-spacing-right-medium:50px;--awb-spacing-left-medium:50px;--awb-width-small:100%;--awb-order-small:0;--awb-spacing-right-small:50px;--awb-spacing-left-small:50px;--awb-sticky-offset:230px;\"><div class=\"fusion-column-wrapper fusion-column-has-shadow fusion-flex-justify-content-flex-start fusion-content-layout-column\"><div class=\"fusion-title title fusion-title-1 fusion-sep-none fusion-title-text fusion-title-size-four\" style=\"--awb-text-color:var(--awb-color8);\"><h4 class=\"title-heading-left\" style=\"margin:0;line-height:1;\">2024 ittf world masters table tennis championships<\/h4><\/div><nav class=\"awb-menu awb-menu_column awb-menu_em-hover mobile-mode-collapse-to-button awb-menu_icons-left awb-menu_dc-yes mobile-trigger-fullwidth-off awb-menu_mobile-toggle awb-menu_indent-left mobile-size-full-absolute loading mega-menu-loading awb-menu_desktop awb-menu_dropdown awb-menu_expand-right awb-menu_transition-fade fusion-no-small-visibility\" style=\"--awb-gap:20px;--awb-items-padding-top:0px;--awb-active-color:var(--awb-color2);--awb-submenu-space:0;--awb-icons-size:20;--awb-main-justify-content:flex-start;--awb-mobile-justify:flex-start;--awb-mobile-caret-left:auto;--awb-mobile-caret-right:0;--awb-fusion-font-family-typography:inherit;--awb-fusion-font-style-typography:normal;--awb-fusion-font-weight-typography:400;--awb-fusion-font-family-submenu-typography:inherit;--awb-fusion-font-style-submenu-typography:normal;--awb-fusion-font-weight-submenu-typography:400;--awb-fusion-font-family-mobile-typography:inherit;--awb-fusion-font-style-mobile-typography:normal;--awb-fusion-font-weight-mobile-typography:400;\" aria-label=\"Menu\" data-breakpoint=\"0\" data-count=\"0\" data-transition-type=\"fade\" data-transition-time=\"300\"><ul id=\"menu-evento-spagnolo\" class=\"fusion-menu awb-menu__main-ul awb-menu__main-ul_column\"><li  id=\"menu-item-9513\"  class=\"menu-item menu-item-type-post_type menu-item-object-page menu-item-9513 awb-menu__li awb-menu__main-li awb-menu__main-li_regular\"  data-item-id=\"9513\"><span class=\"awb-menu__main-background-default awb-menu__main-background-default_fade\"><\/span><span class=\"awb-menu__main-background-active awb-menu__main-background-active_fade\"><\/span><a  href=\"https:\/\/rome2024.org\/es\/wmc2024\/saludos-institucionales\/\" class=\"awb-menu__main-a awb-menu__main-a_regular fusion-flex-link\"><span class=\"awb-menu__i awb-menu__i_main fusion-megamenu-icon\"><i class=\"glyphicon fa-envelope-open-text fas\" aria-hidden=\"true\"><\/i><\/span><span class=\"menu-text\">Saludos institucionales<\/span><\/a><\/li><li  id=\"menu-item-9514\"  class=\"menu-item menu-item-type-post_type menu-item-object-page menu-item-9514 awb-menu__li awb-menu__main-li awb-menu__main-li_regular\"  data-item-id=\"9514\"><span class=\"awb-menu__main-background-default awb-menu__main-background-default_fade\"><\/span><span class=\"awb-menu__main-background-active awb-menu__main-background-active_fade\"><\/span><a  href=\"https:\/\/rome2024.org\/es\/wmc2024\/informacion-general\/\" class=\"awb-menu__main-a awb-menu__main-a_regular fusion-flex-link\"><span class=\"awb-menu__i awb-menu__i_main fusion-megamenu-icon\"><i class=\"glyphicon fa-info-circle fas\" aria-hidden=\"true\"><\/i><\/span><span class=\"menu-text\">Informaci\u00f3n general<\/span><\/a><\/li><li  id=\"menu-item-9515\"  class=\"menu-item menu-item-type-post_type menu-item-object-page menu-item-9515 awb-menu__li awb-menu__main-li awb-menu__main-li_regular\"  data-item-id=\"9515\"><span class=\"awb-menu__main-background-default awb-menu__main-background-default_fade\"><\/span><span class=\"awb-menu__main-background-active awb-menu__main-background-active_fade\"><\/span><a  href=\"https:\/\/rome2024.org\/es\/wmc2024\/reglamento\/\" class=\"awb-menu__main-a awb-menu__main-a_regular fusion-flex-link\"><span class=\"awb-menu__i awb-menu__i_main fusion-megamenu-icon\"><i class=\"glyphicon fa-file-alt fas\" aria-hidden=\"true\"><\/i><\/span><span class=\"menu-text\">Reglamento<\/span><\/a><\/li><li  id=\"menu-item-9516\"  class=\"menu-item menu-item-type-post_type menu-item-object-page menu-item-9516 awb-menu__li awb-menu__main-li awb-menu__main-li_regular\"  data-item-id=\"9516\"><span class=\"awb-menu__main-background-default awb-menu__main-background-default_fade\"><\/span><span class=\"awb-menu__main-background-active awb-menu__main-background-active_fade\"><\/span><a  href=\"https:\/\/rome2024.org\/es\/wmc2024\/inscripcion-y-costes\/\" class=\"awb-menu__main-a awb-menu__main-a_regular fusion-flex-link\"><span class=\"awb-menu__i awb-menu__i_main fusion-megamenu-icon\"><i class=\"glyphicon fa-user-edit fas\" aria-hidden=\"true\"><\/i><\/span><span class=\"menu-text\">Inscripci\u00f3n y costes<\/span><\/a><\/li><li  id=\"menu-item-22591\"  class=\"menu-item menu-item-type-post_type menu-item-object-page menu-item-22591 awb-menu__li awb-menu__main-li awb-menu__main-li_regular\"  data-item-id=\"22591\"><span class=\"awb-menu__main-background-default awb-menu__main-background-default_fade\"><\/span><span class=\"awb-menu__main-background-active awb-menu__main-background-active_fade\"><\/span><a  href=\"https:\/\/rome2024.org\/es\/wmc2024\/merchandising\/\" class=\"awb-menu__main-a awb-menu__main-a_regular fusion-flex-link\"><span class=\"awb-menu__i awb-menu__i_main fusion-megamenu-icon\"><i class=\"glyphicon fa-tshirt fas\" aria-hidden=\"true\"><\/i><\/span><span class=\"menu-text\">Merchandising<\/span><\/a><\/li><li  id=\"menu-item-9517\"  class=\"menu-item menu-item-type-post_type menu-item-object-page menu-item-9517 awb-menu__li awb-menu__main-li awb-menu__main-li_regular\"  data-item-id=\"9517\"><span class=\"awb-menu__main-background-default awb-menu__main-background-default_fade\"><\/span><span class=\"awb-menu__main-background-active awb-menu__main-background-active_fade\"><\/span><a  href=\"https:\/\/rome2024.org\/es\/wmc2024\/voluntarios\/\" class=\"awb-menu__main-a awb-menu__main-a_regular fusion-flex-link\"><span class=\"awb-menu__i awb-menu__i_main fusion-megamenu-icon\"><i class=\"glyphicon fa-hands-helping fas\" aria-hidden=\"true\"><\/i><\/span><span class=\"menu-text\">Voluntarios<\/span><\/a><\/li><li  id=\"menu-item-9518\"  class=\"menu-item menu-item-type-post_type menu-item-object-page menu-item-9518 awb-menu__li awb-menu__main-li awb-menu__main-li_regular\"  data-item-id=\"9518\"><span class=\"awb-menu__main-background-default awb-menu__main-background-default_fade\"><\/span><span class=\"awb-menu__main-background-active awb-menu__main-background-active_fade\"><\/span><a  href=\"https:\/\/rome2024.org\/es\/wmc2024\/comite-organizador\/\" class=\"awb-menu__main-a awb-menu__main-a_regular fusion-flex-link\"><span class=\"awb-menu__i awb-menu__i_main fusion-megamenu-icon\"><i class=\"glyphicon fa-sitemap fas\" aria-hidden=\"true\"><\/i><\/span><span class=\"menu-text\">Comit\u00e9 Organizador<\/span><\/a><\/li><li  id=\"menu-item-9519\"  class=\"menu-item menu-item-type-post_type menu-item-object-page menu-item-9519 awb-menu__li awb-menu__main-li awb-menu__main-li_regular\"  data-item-id=\"9519\"><span class=\"awb-menu__main-background-default awb-menu__main-background-default_fade\"><\/span><span class=\"awb-menu__main-background-active awb-menu__main-background-active_fade\"><\/span><a  href=\"https:\/\/rome2024.org\/es\/wmc2024\/informacion-sanitaria-y-seguros\/\" class=\"awb-menu__main-a awb-menu__main-a_regular fusion-flex-link\"><span class=\"awb-menu__i awb-menu__i_main fusion-megamenu-icon\"><i class=\"glyphicon fa-stethoscope fas\" aria-hidden=\"true\"><\/i><\/span><span class=\"menu-text\">Informaci\u00f3n sanitaria y seguros<\/span><\/a><\/li><li  id=\"menu-item-21322\"  class=\"menu-item menu-item-type-post_type menu-item-object-page menu-item-21322 awb-menu__li awb-menu__main-li awb-menu__main-li_regular\"  data-item-id=\"21322\"><span class=\"awb-menu__main-background-default awb-menu__main-background-default_fade\"><\/span><span class=\"awb-menu__main-background-active awb-menu__main-background-active_fade\"><\/span><a  href=\"https:\/\/rome2024.org\/es\/wmc2024\/poliza-de-seguro\/\" class=\"awb-menu__main-a awb-menu__main-a_regular fusion-flex-link\"><span class=\"awb-menu__i awb-menu__i_main fusion-megamenu-icon\"><i class=\"glyphicon fa-hands-helping fas\" aria-hidden=\"true\"><\/i><\/span><span class=\"menu-text\">P\u00f3liza de seguro<\/span><\/a><\/li><li  id=\"menu-item-9520\"  class=\"menu-item menu-item-type-post_type menu-item-object-page menu-item-9520 awb-menu__li awb-menu__main-li awb-menu__main-li_regular\"  data-item-id=\"9520\"><span class=\"awb-menu__main-background-default awb-menu__main-background-default_fade\"><\/span><span class=\"awb-menu__main-background-active awb-menu__main-background-active_fade\"><\/span><a  href=\"https:\/\/rome2024.org\/es\/wmc2024\/atletas-paralimpicos\/\" class=\"awb-menu__main-a awb-menu__main-a_regular fusion-flex-link\"><span class=\"awb-menu__i awb-menu__i_main fusion-megamenu-icon\"><i class=\"glyphicon fa-user-friends fas\" aria-hidden=\"true\"><\/i><\/span><span class=\"menu-text\">Atletas paral\u00edmpicos<\/span><\/a><\/li><li  id=\"menu-item-10413\"  class=\"menu-item menu-item-type-post_type menu-item-object-page menu-item-10413 awb-menu__li awb-menu__main-li awb-menu__main-li_regular\"  data-item-id=\"10413\"><span class=\"awb-menu__main-background-default awb-menu__main-background-default_fade\"><\/span><span class=\"awb-menu__main-background-active awb-menu__main-background-active_fade\"><\/span><a  href=\"https:\/\/rome2024.org\/es\/wmc2024\/reglamento-de-los-atletas-paralimpicos\/\" class=\"awb-menu__main-a awb-menu__main-a_regular fusion-flex-link\"><span class=\"awb-menu__i awb-menu__i_main fusion-megamenu-icon\"><i class=\"glyphicon fa-file-alt fas\" aria-hidden=\"true\"><\/i><\/span><span class=\"menu-text\">Reglamento de los Atletas Paral\u00edmpicos<\/span><\/a><\/li><\/ul><\/nav><div ><a class=\"fusion-button button-flat fusion-button-default-size button-custom fusion-button-default button-1 fusion-button-span-yes fusion-button-default-type fusion-has-button-gradient\" style=\"--button_accent_color:#ffffff;--button_border_color:#ffffff;--button_accent_hover_color:#ffffff;--button_border_hover_color:#ffffff;--button-border-radius-top-left:10px;--button-border-radius-top-right:10px;--button-border-radius-bottom-right:10px;--button-border-radius-bottom-left:10px;--button_gradient_angle:160deg;--button_gradient_start:20%;--button_gradient_end:100%;--button_gradient_top_color:var(--awb-color6);--button_gradient_bottom_color:#0e586e;--button_gradient_top_color_hover:var(--awb-color2);--button_gradient_bottom_color_hover:var(--awb-color2);--button_text_transform:capitalize;--button_font_size:18px;--button_line_height:1.36em;--button_typography-letter-spacing:0em;--button_margin-top:30px;\" target=\"_blank\" rel=\"noopener noreferrer\" href=\"https:\/\/www.ttm.co.at\/wmc2024\/register\"><i class=\"fa-user-edit fas button-icon-left\" aria-hidden=\"true\"><\/i><span class=\"fusion-button-text\">\u00a1Inscr\u00edbete! <\/span><\/a><\/div><div class=\"fusion-image-element \" style=\"--awb-margin-top:30px;--awb-margin-right:-20px;--awb-margin-bottom:0px;--awb-margin-left:-20px;--awb-caption-title-size:var(--h2_typography-font-size);--awb-caption-title-transform:var(--h2_typography-text-transform);--awb-caption-title-line-height:var(--h2_typography-line-height);--awb-caption-title-letter-spacing:var(--h2_typography-letter-spacing);\"><span class=\" fusion-imageframe imageframe-none imageframe-1 hover-type-none\"><img decoding=\"async\" width=\"2362\" height=\"1575\" title=\"fitet-bg-numeri\" src=\"https:\/\/rome2024.org\/wp-content\/uploads\/2023\/04\/fitet-bg-numeri.jpg\" data-orig-src=\"https:\/\/rome2024.org\/wp-content\/uploads\/2023\/04\/fitet-bg-numeri.jpg\" alt class=\"lazyload img-responsive wp-image-7387\" srcset=\"data:image\/svg+xml,%3Csvg%20xmlns%3D%27http%3A%2F%2Fwww.w3.org%2F2000%2Fsvg%27%20width%3D%272362%27%20height%3D%271575%27%20viewBox%3D%270%200%202362%201575%27%3E%3Crect%20width%3D%272362%27%20height%3D%271575%27%20fill-opacity%3D%220%22%2F%3E%3C%2Fsvg%3E\" data-srcset=\"https:\/\/rome2024.org\/wp-content\/uploads\/2023\/04\/fitet-bg-numeri-200x133.jpg 200w, https:\/\/rome2024.org\/wp-content\/uploads\/2023\/04\/fitet-bg-numeri-400x267.jpg 400w, https:\/\/rome2024.org\/wp-content\/uploads\/2023\/04\/fitet-bg-numeri-600x400.jpg 600w, https:\/\/rome2024.org\/wp-content\/uploads\/2023\/04\/fitet-bg-numeri-800x533.jpg 800w, https:\/\/rome2024.org\/wp-content\/uploads\/2023\/04\/fitet-bg-numeri-1200x800.jpg 1200w, https:\/\/rome2024.org\/wp-content\/uploads\/2023\/04\/fitet-bg-numeri.jpg 2362w\" data-sizes=\"auto\" data-orig-sizes=\"(max-width: 450px) 100vw, 400px\" \/><\/span><\/div><\/div><\/div>\n<div class=\"fusion-layout-column fusion_builder_column fusion-builder-column-1 fusion_builder_column_2_3 2_3 fusion-flex-column\" style=\"--awb-bg-size:cover;--awb-width-large:66.666666666667%;--awb-margin-top-large:0px;--awb-spacing-right-large:50px;--awb-margin-bottom-large:20px;--awb-spacing-left-large:50px;--awb-width-medium:66.666666666667%;--awb-order-medium:0;--awb-spacing-right-medium:50px;--awb-spacing-left-medium:50px;--awb-width-small:100%;--awb-order-small:0;--awb-spacing-right-small:50px;--awb-spacing-left-small:50px;\"><div class=\"fusion-column-wrapper fusion-column-has-shadow fusion-flex-justify-content-flex-start fusion-content-layout-column\"><div class=\"fusion-text fusion-text-1\" style=\"--awb-content-alignment:justify;\"><div>\n<p>Estamos muy orgullosos de informar de ello,  <strong>por primera vez en la historia de los Campeonatos del Mundo Masters de Tenis de Mesa<\/strong>El programa de competici\u00f3n del WMC de Roma 2024 incluir\u00e1 la participaci\u00f3n de atletas paral\u00edmpicos cuyos t\u00edtulos ya han sido concedidos durante los recientes Campeonatos Europeos de Rimini 2022.<\/p>\n<\/div>\n<div>\n<p>De hecho, <strong>toda la infraestructura<\/strong> de la sede de competici\u00f3n identificada es <strong>totalmente accesible para los atletas con discapacidad<\/strong>, lo que nos permite hacer del WMC 2024 uno de los pocos acontecimientos deportivos totalmente integrados del mundo.<\/p>\n<\/div>\n<div>\n<p>Por lo tanto, con el acuerdo de la ITTF, se decidi\u00f3 que <strong>el programa de competici\u00f3n para los atletas paral\u00edmpicos se enriquecer\u00eda<\/strong> en comparaci\u00f3n con la experiencia europea anterior.<\/p>\n<\/div>\n<div>\n<p>Las principales <strong>caracter\u00edsticas<\/strong> para la <strong>participaci\u00f3n<\/strong> de los atletas paral\u00edmpicos ser\u00e1n las siguientes:<\/p>\n<\/div>\n<div>\n<ul>\n<li><span style=\"font-family: var(--awb-text-font-family); font-size: var(--awb-font-size); font-style: var(--awb-text-font-style); letter-spacing: var(--awb-letter-spacing); text-transform: var(--awb-text-transform);\">Los atletas ya clasificados y registrados en la base de datos ITTF Para TT (la lista est\u00e1 disponible p\u00fablicamente aqu\u00ed http:\/\/stats.ipttc.org\/en\/profiles) pueden inscribirse y participar directamente en el evento.<\/span><\/li>\n<li><span style=\"font-family: var(--awb-text-font-family); font-size: var(--awb-font-size); font-style: var(--awb-text-font-style); letter-spacing: var(--awb-letter-spacing); text-transform: var(--awb-text-transform);\">Por decisi\u00f3n de la ITTF, no se realizar\u00e1n visitas de clasificaci\u00f3n internacional; las respectivas clasificaciones nacionales se considerar\u00e1n v\u00e1lidas para participar en el evento.<\/span><\/li>\n<li><span style=\"font-family: var(--awb-text-font-family); font-size: var(--awb-font-size); font-style: var(--awb-text-font-style); letter-spacing: var(--awb-letter-spacing); text-transform: var(--awb-text-transform);\">Los atletas que no tengan clasificaci\u00f3n recibir\u00e1n una clasificaci\u00f3n v\u00e1lida \u00fanicamente para la duraci\u00f3n de la prueba.<\/span><\/li>\n<li><span style=\"font-family: var(--awb-text-font-family); font-size: var(--awb-font-size); font-style: var(--awb-text-font-style); letter-spacing: var(--awb-letter-spacing); text-transform: var(--awb-text-transform);\">La fecha l\u00edmite para inscribirse en el evento ser\u00e1 el 20 de mayo de 2024.<\/span><\/li>\n<\/ul>\n<\/div>\n<div>\n<p>S\u00f3lo se clasificar\u00e1n los atletas con al menos una de las discapacidades elegibles (la clasificaci\u00f3n s\u00f3lo ser\u00e1 v\u00e1lida para la prueba).<\/p>\n<\/div>\n<\/div><div class=\"fusion-text fusion-text-2\" style=\"--awb-content-alignment:justify;\"><p style=\"font-weight: 400;\"><strong>Las discapacidades subvencionables actualmente son:<\/strong><\/p>\n<ul style=\"font-weight: 400;\">\n<li>Deterioro de la fuerza muscular<em>:<\/em> Los deportistas con deterioro de la fuerza muscular tienen una condici\u00f3n de salud que reduce o elimina su capacidad de contraer voluntariamente los m\u00fasculos para moverse o generar fuerza. Algunos ejemplos de afecciones subyacentes que pueden provocar una disminuci\u00f3n de la fuerza muscular son las lesiones medulares (completas o incompletas, tetraplejia o paraplejia o paraparesia), la distrofia muscular, el s\u00edndrome postpolio y la espina b\u00edfida.<\/li>\n<li><em>Deterioro de la amplitud de movimiento pasivo (ROM<\/em> ): Los deportistas con una amplitud de movimiento pasivo reducida presentan una limitaci\u00f3n o falta de movimiento pasivo en una o m\u00e1s articulaciones. Algunos ejemplos de una enfermedad subyacente que puede provocar una reducci\u00f3n de la amplitud de movimiento pasivo son la artrogriposis y la contractura derivadas de la inmovilizaci\u00f3n cr\u00f3nica de una articulaci\u00f3n o de un traumatismo que afecte a una articulaci\u00f3n.<\/li>\n<li>Deficiencia de las extremidades<em>:<\/em> Los deportistas con deficiencia de las extremidades presentan una ausencia total o parcial de huesos o articulaciones como consecuencia de un traumatismo (por ejemplo, amputaci\u00f3n traum\u00e1tica), una enfermedad (por ejemplo, amputaci\u00f3n debida a un c\u00e1ncer \u00f3seo) o una deficiencia cong\u00e9nita de las extremidades (por ejemplo, dismelia).<\/li>\n<li>Diferencia en la longitud de las <em>piernas:<\/em> los deportistas con una diferencia en la longitud de las piernas tienen una diferencia en la longitud de las piernas debida a un trastorno del crecimiento de la extremidad o a un traumatismo. El criterio m\u00ednimo de deterioro es de 7 cm.<\/li>\n<li>Baja estatura<em>:<\/em> Los deportistas con baja estatura tendr\u00e1n una longitud \u00f3sea reducida en las extremidades superiores, inferiores y\/o tronco. Algunos ejemplos de una enfermedad subyacente que puede provocar baja estatura son la acondroplasia, la disfunci\u00f3n de la hormona del crecimiento y la osteog\u00e9nesis imperfecta.<\/li>\n<li>Hiperton\u00eda<em>:<\/em> Los deportistas con hiperton\u00eda presentan un aumento de la tensi\u00f3n muscular y una capacidad reducida para estirar un m\u00fasculo debido a da\u00f1os en el sistema nervioso central. Algunos ejemplos de enfermedad subyacente que puede provocar hiperton\u00eda son la par\u00e1lisis cerebral, la lesi\u00f3n cerebral traum\u00e1tica y el ictus.<\/li>\n<li><em>Ataxia:<\/em> los atletas con ataxia tienen movimientos descoordinados causados por da\u00f1os en el sistema nervioso central. Algunos ejemplos de enfermedad subyacente que puede provocar ataxia son la par\u00e1lisis cerebral, la lesi\u00f3n cerebral traum\u00e1tica, el ictus y la esclerosis m\u00faltiple.<\/li>\n<li>Atetosis<em>:<\/em> Los deportistas con atetosis presentan movimientos involuntarios lentos y continuos.<\/li>\n<\/ul>\n<p style=\"font-weight: 400;\">Existen muchas <strong>otras condiciones de desventaja f\u00edsico-sensorial<\/strong> que pueden dar lugar a alg\u00fan tipo de discapacidad, pero que <strong>no est\u00e1n incluidas en las reglas de clasificaci\u00f3n deportiva<\/strong> de la ITTF y, por lo tanto, no se tendr\u00e1n en cuenta. Se trata de una lista no exhaustiva de situaciones no subvencionables:<\/p>\n<ul style=\"font-weight: 400;\">\n<li>Discapacidad visual;<\/li>\n<li>Dolor;<\/li>\n<li>Problema de audici\u00f3n;<\/li>\n<li>Bajo tono muscular;<\/li>\n<li>Hipermovilidad articular;<\/li>\n<li>Inestabilidad articular, como articulaci\u00f3n inestable del hombro, luxaci\u00f3n recurrente de una articulaci\u00f3n;<\/li>\n<li>Disminuci\u00f3n de la resistencia muscular;<\/li>\n<li>Deterioro de las funciones reflejas motoras;<\/li>\n<li>Deterioro de las funciones cardiovasculares;<\/li>\n<li>Deterioro de las funciones respiratorias;<\/li>\n<li>Alteraci\u00f3n de las funciones metab\u00f3licas;<\/li>\n<li>Tics y manierismos, estereotipos y perseverancia motriz.<\/li>\n<\/ul>\n<p style=\"font-weight: 400;\">Para <strong>m\u00e1s informaci\u00f3n sobre competiciones para atletas paral\u00edmpicos<\/strong> y c\u00f3mo obtener la clasificaci\u00f3n, env\u00eda un correo electr\u00f3nico a <a href=\"mailto:info@rome2024.org\"><strong>info@rome2024.org<\/strong><\/a><\/p>\n<p style=\"font-weight: 400;\">\n<p style=\"font-weight: 400;\">\n<\/div><div class=\"fusion-image-element \" style=\"--awb-caption-title-size:var(--h2_typography-font-size);--awb-caption-title-transform:var(--h2_typography-text-transform);--awb-caption-title-line-height:var(--h2_typography-line-height);--awb-caption-title-letter-spacing:var(--h2_typography-letter-spacing);\"><span class=\" fusion-imageframe imageframe-none imageframe-2 hover-type-none\"><img decoding=\"async\" width=\"2560\" height=\"1621\" title=\"EVC_podio_singolare_paralimpico_di_classe_1-5\" src=\"https:\/\/rome2024.org\/wp-content\/uploads\/2023\/05\/EVC_podio_singolare_paralimpico_di_classe_1-5-scaled.jpg\" data-orig-src=\"https:\/\/rome2024.org\/wp-content\/uploads\/2023\/05\/EVC_podio_singolare_paralimpico_di_classe_1-5-scaled.jpg\" alt class=\"lazyload img-responsive wp-image-8001\" srcset=\"data:image\/svg+xml,%3Csvg%20xmlns%3D%27http%3A%2F%2Fwww.w3.org%2F2000%2Fsvg%27%20width%3D%272560%27%20height%3D%271621%27%20viewBox%3D%270%200%202560%201621%27%3E%3Crect%20width%3D%272560%27%20height%3D%271621%27%20fill-opacity%3D%220%22%2F%3E%3C%2Fsvg%3E\" data-srcset=\"https:\/\/rome2024.org\/wp-content\/uploads\/2023\/05\/EVC_podio_singolare_paralimpico_di_classe_1-5-scaled-200x127.jpg 200w, https:\/\/rome2024.org\/wp-content\/uploads\/2023\/05\/EVC_podio_singolare_paralimpico_di_classe_1-5-scaled-400x253.jpg 400w, https:\/\/rome2024.org\/wp-content\/uploads\/2023\/05\/EVC_podio_singolare_paralimpico_di_classe_1-5-scaled-600x380.jpg 600w, https:\/\/rome2024.org\/wp-content\/uploads\/2023\/05\/EVC_podio_singolare_paralimpico_di_classe_1-5-scaled-800x507.jpg 800w, https:\/\/rome2024.org\/wp-content\/uploads\/2023\/05\/EVC_podio_singolare_paralimpico_di_classe_1-5-scaled-1200x760.jpg 1200w, https:\/\/rome2024.org\/wp-content\/uploads\/2023\/05\/EVC_podio_singolare_paralimpico_di_classe_1-5-scaled.jpg 2560w\" data-sizes=\"auto\" data-orig-sizes=\"(max-width: 450px) 100vw, 800px\" \/><\/span><\/div><\/div><\/div><\/div><\/div>\n","protected":false},"excerpt":{"rendered":"","protected":false},"author":1,"featured_media":0,"parent":8541,"menu_order":0,"comment_status":"closed","ping_status":"closed","template":"100-width.php","meta":{"footnotes":""},"class_list":["post-8477","page","type-page","status-publish","hentry"],"_links":{"self":[{"href":"https:\/\/rome2024.org\/es\/wp-json\/wp\/v2\/pages\/8477","targetHints":{"allow":["GET"]}}],"collection":[{"href":"https:\/\/rome2024.org\/es\/wp-json\/wp\/v2\/pages"}],"about":[{"href":"https:\/\/rome2024.org\/es\/wp-json\/wp\/v2\/types\/page"}],"author":[{"embeddable":true,"href":"https:\/\/rome2024.org\/es\/wp-json\/wp\/v2\/users\/1"}],"replies":[{"embeddable":true,"href":"https:\/\/rome2024.org\/es\/wp-json\/wp\/v2\/comments?post=8477"}],"version-history":[{"count":6,"href":"https:\/\/rome2024.org\/es\/wp-json\/wp\/v2\/pages\/8477\/revisions"}],"predecessor-version":[{"id":24924,"href":"https:\/\/rome2024.org\/es\/wp-json\/wp\/v2\/pages\/8477\/revisions\/24924"}],"up":[{"embeddable":true,"href":"https:\/\/rome2024.org\/es\/wp-json\/wp\/v2\/pages\/8541"}],"wp:attachment":[{"href":"https:\/\/rome2024.org\/es\/wp-json\/wp\/v2\/media?parent=8477"}],"curies":[{"name":"wp","href":"https:\/\/api.w.org\/{rel}","templated":true}]}}