{"id":8530,"date":"2023-04-11T14:44:55","date_gmt":"2023-04-11T14:44:55","guid":{"rendered":"https:\/\/rome2024.org\/feria-de-roma\/"},"modified":"2023-07-12T09:56:26","modified_gmt":"2023-07-12T09:56:26","slug":"feria-de-roma","status":"publish","type":"page","link":"https:\/\/rome2024.org\/es\/lugar\/feria-de-roma\/","title":{"rendered":"Feria de Roma"},"content":{"rendered":"<div class=\"fusion-fullwidth fullwidth-box fusion-builder-row-1 fusion-flex-container nonhundred-percent-fullwidth non-hundred-percent-height-scrolling\" style=\"--awb-border-sizes-top:0px;--awb-border-sizes-bottom:0px;--awb-border-sizes-left:0px;--awb-border-sizes-right:0px;--awb-border-radius-top-left:0px;--awb-border-radius-top-right:0px;--awb-border-radius-bottom-right:0px;--awb-border-radius-bottom-left:0px;--awb-padding-top:120px;--awb-padding-bottom:120px;--awb-padding-top-medium:90px;--awb-padding-bottom-medium:90px;--awb-padding-top-small:40px;--awb-padding-bottom-small:80px;--awb-margin-bottom:0px;--awb-background-color:var(--awb-color1);\" ><div class=\"fusion-builder-row fusion-row fusion-flex-align-items-flex-start\" style=\"max-width:calc( 1200px + 100px );margin-left: calc(-100px \/ 2 );margin-right: calc(-100px \/ 2 );\"><div class=\"fusion-layout-column fusion_builder_column fusion-builder-column-0 awb-sticky awb-sticky-large fusion_builder_column_1_3 1_3 fusion-flex-column fusion-no-small-visibility\" style=\"--awb-padding-top:20px;--awb-padding-right:20px;--awb-padding-left:20px;--awb-overflow:hidden;--awb-bg-color:rgba(204,204,204,0.23);--awb-bg-size:cover;--awb-border-radius:10px 10px 10px 10px;--awb-width-large:33.333333333333%;--awb-margin-top-large:0px;--awb-spacing-right-large:50px;--awb-margin-bottom-large:20px;--awb-spacing-left-large:50px;--awb-width-medium:33.333333333333%;--awb-order-medium:0;--awb-spacing-right-medium:50px;--awb-spacing-left-medium:50px;--awb-width-small:100%;--awb-order-small:0;--awb-spacing-right-small:50px;--awb-spacing-left-small:50px;--awb-sticky-offset:230px;\"><div class=\"fusion-column-wrapper fusion-column-has-shadow fusion-flex-justify-content-flex-start fusion-content-layout-column\"><div class=\"fusion-title title fusion-title-1 fusion-sep-none fusion-title-text fusion-title-size-four\"><h4 class=\"title-heading-left\" style=\"margin:0;\">Lugar<\/h4><\/div><nav class=\"awb-menu awb-menu_column awb-menu_em-hover mobile-mode-collapse-to-button awb-menu_icons-left awb-menu_dc-yes mobile-trigger-fullwidth-off awb-menu_mobile-toggle awb-menu_indent-left mobile-size-full-absolute loading mega-menu-loading awb-menu_desktop awb-menu_dropdown awb-menu_expand-right awb-menu_transition-fade fusion-no-small-visibility\" style=\"--awb-gap:20px;--awb-items-padding-top:0px;--awb-active-color:var(--awb-color2);--awb-submenu-space:0;--awb-icons-size:20;--awb-main-justify-content:flex-start;--awb-mobile-justify:flex-start;--awb-mobile-caret-left:auto;--awb-mobile-caret-right:0;--awb-fusion-font-family-typography:inherit;--awb-fusion-font-style-typography:normal;--awb-fusion-font-weight-typography:400;--awb-fusion-font-family-submenu-typography:inherit;--awb-fusion-font-style-submenu-typography:normal;--awb-fusion-font-weight-submenu-typography:400;--awb-fusion-font-family-mobile-typography:inherit;--awb-fusion-font-style-mobile-typography:normal;--awb-fusion-font-weight-mobile-typography:400;\" aria-label=\"Menu\" data-breakpoint=\"0\" data-count=\"0\" data-transition-type=\"fade\" data-transition-time=\"300\"><ul id=\"menu-sede-di-gara-spagnolo\" class=\"fusion-menu awb-menu__main-ul awb-menu__main-ul_column\"><li  id=\"menu-item-9469\"  class=\"menu-item menu-item-type-post_type menu-item-object-page menu-item-9469 awb-menu__li awb-menu__main-li awb-menu__main-li_regular\"  data-item-id=\"9469\"><span class=\"awb-menu__main-background-default awb-menu__main-background-default_fade\"><\/span><span class=\"awb-menu__main-background-active awb-menu__main-background-active_fade\"><\/span><a  href=\"https:\/\/rome2024.org\/es\/lugar\/feria-de-roma\/\" class=\"awb-menu__main-a awb-menu__main-a_regular fusion-flex-link\"><span class=\"awb-menu__i awb-menu__i_main fusion-megamenu-icon\"><i class=\"glyphicon fa-city fas\" aria-hidden=\"true\"><\/i><\/span><span class=\"menu-text\">Feria de Roma<\/span><\/a><\/li><li  id=\"menu-item-9470\"  class=\"menu-item menu-item-type-post_type menu-item-object-page menu-item-9470 awb-menu__li awb-menu__main-li awb-menu__main-li_regular\"  data-item-id=\"9470\"><span class=\"awb-menu__main-background-default awb-menu__main-background-default_fade\"><\/span><span class=\"awb-menu__main-background-active awb-menu__main-background-active_fade\"><\/span><a  href=\"https:\/\/rome2024.org\/es\/lugar\/puesta-en-marcha\/\" class=\"awb-menu__main-a awb-menu__main-a_regular fusion-flex-link\"><span class=\"awb-menu__i awb-menu__i_main fusion-megamenu-icon\"><i class=\"glyphicon fa-layer-group fas\" aria-hidden=\"true\"><\/i><\/span><span class=\"menu-text\">Puesta en marcha<\/span><\/a><\/li><li  id=\"menu-item-9471\"  class=\"menu-item menu-item-type-post_type menu-item-object-page menu-item-9471 awb-menu__li awb-menu__main-li awb-menu__main-li_regular\"  data-item-id=\"9471\"><span class=\"awb-menu__main-background-default awb-menu__main-background-default_fade\"><\/span><span class=\"awb-menu__main-background-active awb-menu__main-background-active_fade\"><\/span><a  href=\"https:\/\/rome2024.org\/es\/lugar\/plazas-de-aparcamiento\/\" class=\"awb-menu__main-a awb-menu__main-a_regular fusion-flex-link\"><span class=\"awb-menu__i awb-menu__i_main fusion-megamenu-icon\"><i class=\"glyphicon fa-parking fas\" aria-hidden=\"true\"><\/i><\/span><span class=\"menu-text\">Plazas de aparcamiento<\/span><\/a><\/li><li  id=\"menu-item-9472\"  class=\"menu-item menu-item-type-post_type menu-item-object-page menu-item-9472 awb-menu__li awb-menu__main-li awb-menu__main-li_regular\"  data-item-id=\"9472\"><span class=\"awb-menu__main-background-default awb-menu__main-background-default_fade\"><\/span><span class=\"awb-menu__main-background-active awb-menu__main-background-active_fade\"><\/span><a  href=\"https:\/\/rome2024.org\/es\/lugar\/catering\/\" class=\"awb-menu__main-a awb-menu__main-a_regular fusion-flex-link\"><span class=\"awb-menu__i awb-menu__i_main fusion-megamenu-icon\"><i class=\"glyphicon fa-utensils fas\" aria-hidden=\"true\"><\/i><\/span><span class=\"menu-text\">Catering<\/span><\/a><\/li><li  id=\"menu-item-9473\"  class=\"menu-item menu-item-type-post_type menu-item-object-page menu-item-9473 awb-menu__li awb-menu__main-li awb-menu__main-li_regular\"  data-item-id=\"9473\"><span class=\"awb-menu__main-background-default awb-menu__main-background-default_fade\"><\/span><span class=\"awb-menu__main-background-active awb-menu__main-background-active_fade\"><\/span><a  href=\"https:\/\/rome2024.org\/es\/lugar\/sostenibilidad\/\" class=\"awb-menu__main-a awb-menu__main-a_regular fusion-flex-link\"><span class=\"awb-menu__i awb-menu__i_main fusion-megamenu-icon\"><i class=\"glyphicon fa-leaf fas\" aria-hidden=\"true\"><\/i><\/span><span class=\"menu-text\">Sostenibilidad<\/span><\/a><\/li><li  id=\"menu-item-9474\"  class=\"menu-item menu-item-type-post_type menu-item-object-page menu-item-9474 awb-menu__li awb-menu__main-li awb-menu__main-li_regular\"  data-item-id=\"9474\"><span class=\"awb-menu__main-background-default awb-menu__main-background-default_fade\"><\/span><span class=\"awb-menu__main-background-active awb-menu__main-background-active_fade\"><\/span><a  href=\"https:\/\/rome2024.org\/es\/lugar\/zona-comercial\/\" class=\"awb-menu__main-a awb-menu__main-a_regular fusion-flex-link\"><span class=\"awb-menu__i awb-menu__i_main fusion-megamenu-icon\"><i class=\"glyphicon fa-dumpster fas\" aria-hidden=\"true\"><\/i><\/span><span class=\"menu-text\">Zona comercial<\/span><\/a><\/li><li  id=\"menu-item-9475\"  class=\"menu-item menu-item-type-post_type menu-item-object-page menu-item-9475 awb-menu__li awb-menu__main-li awb-menu__main-li_regular\"  data-item-id=\"9475\"><span class=\"awb-menu__main-background-default awb-menu__main-background-default_fade\"><\/span><span class=\"awb-menu__main-background-active awb-menu__main-background-active_fade\"><\/span><a  href=\"https:\/\/rome2024.org\/es\/lugar\/fan-village\/\" class=\"awb-menu__main-a awb-menu__main-a_regular fusion-flex-link\"><span class=\"awb-menu__i awb-menu__i_main fusion-megamenu-icon\"><i class=\"glyphicon fa-play fas\" aria-hidden=\"true\"><\/i><\/span><span class=\"menu-text\">Fan Village<\/span><\/a><\/li><\/ul><\/nav><div class=\"fusion-image-element \" style=\"--awb-margin-top:30px;--awb-margin-right:-20px;--awb-margin-bottom:0px;--awb-margin-left:-20px;--awb-caption-title-size:var(--h2_typography-font-size);--awb-caption-title-transform:var(--h2_typography-text-transform);--awb-caption-title-line-height:var(--h2_typography-line-height);--awb-caption-title-letter-spacing:var(--h2_typography-letter-spacing);\"><span class=\" fusion-imageframe imageframe-none imageframe-1 hover-type-none\"><img decoding=\"async\" width=\"1440\" height=\"960\" title=\"FieraDiRoma_001-2-2\" src=\"https:\/\/rome2024.org\/wp-content\/uploads\/2023\/07\/FieraDiRoma_001-2-2.jpeg\" data-orig-src=\"https:\/\/rome2024.org\/wp-content\/uploads\/2023\/07\/FieraDiRoma_001-2-2.jpeg\" alt class=\"lazyload img-responsive wp-image-13931\" srcset=\"data:image\/svg+xml,%3Csvg%20xmlns%3D%27http%3A%2F%2Fwww.w3.org%2F2000%2Fsvg%27%20width%3D%271440%27%20height%3D%27960%27%20viewBox%3D%270%200%201440%20960%27%3E%3Crect%20width%3D%271440%27%20height%3D%27960%27%20fill-opacity%3D%220%22%2F%3E%3C%2Fsvg%3E\" data-srcset=\"https:\/\/rome2024.org\/wp-content\/uploads\/2023\/07\/FieraDiRoma_001-2-2-200x133.jpeg 200w, https:\/\/rome2024.org\/wp-content\/uploads\/2023\/07\/FieraDiRoma_001-2-2-400x267.jpeg 400w, https:\/\/rome2024.org\/wp-content\/uploads\/2023\/07\/FieraDiRoma_001-2-2-600x400.jpeg 600w, https:\/\/rome2024.org\/wp-content\/uploads\/2023\/07\/FieraDiRoma_001-2-2-800x533.jpeg 800w, https:\/\/rome2024.org\/wp-content\/uploads\/2023\/07\/FieraDiRoma_001-2-2-1200x800.jpeg 1200w, https:\/\/rome2024.org\/wp-content\/uploads\/2023\/07\/FieraDiRoma_001-2-2.jpeg 1440w\" data-sizes=\"auto\" data-orig-sizes=\"(max-width: 450px) 100vw, 400px\" \/><\/span><\/div><\/div><\/div>\n<div class=\"fusion-layout-column fusion_builder_column fusion-builder-column-1 fusion_builder_column_2_3 2_3 fusion-flex-column\" style=\"--awb-bg-size:cover;--awb-width-large:66.666666666667%;--awb-margin-top-large:0px;--awb-spacing-right-large:50px;--awb-margin-bottom-large:20px;--awb-spacing-left-large:50px;--awb-width-medium:66.666666666667%;--awb-order-medium:0;--awb-spacing-right-medium:50px;--awb-spacing-left-medium:50px;--awb-width-small:100%;--awb-order-small:0;--awb-spacing-right-small:50px;--awb-spacing-left-small:50px;\"><div class=\"fusion-column-wrapper fusion-column-has-shadow fusion-flex-justify-content-flex-start fusion-content-layout-column\"><div class=\"fusion-text fusion-text-1\"><p><strong>Los Campeonatos Mundiales Masters de Tenis de Mesa de 2024 tendr\u00e1n lugar en el Nuevo Recinto Ferial de Roma.<\/strong><\/p>\n<\/div><div class=\"fusion-builder-row fusion-builder-row-inner fusion-row fusion-flex-align-items-flex-start\" style=\"width:calc( 100% + 100px ) !important;max-width:calc( 100% + 100px ) !important;margin-left: calc(-100px \/ 2 );margin-right: calc(-100px \/ 2 );\"><div class=\"fusion-layout-column fusion_builder_column_inner fusion-builder-nested-column-0 fusion-flex-column\" style=\"--awb-padding-right:0px;--awb-bg-size:cover;--awb-width-large:auto;--awb-margin-top-large:0px;--awb-spacing-right-large:0px;--awb-margin-bottom-large:20px;--awb-spacing-left-large:50px;--awb-width-medium:auto;--awb-order-medium:0;--awb-spacing-right-medium:0px;--awb-spacing-left-medium:50px;--awb-width-small:100%;--awb-order-small:0;--awb-spacing-right-small:50px;--awb-spacing-left-small:50px;\"><div class=\"fusion-column-wrapper fusion-column-has-shadow fusion-flex-justify-content-flex-start fusion-content-layout-column\"><i class=\"fb-icon-element-1 fb-icon-element fontawesome-icon fa-map-marked-alt fas circle-no fusion-text-flow\" style=\"--awb-iconcolor:var(--awb-color2);--awb-iconcolor-hover:var(--awb-color2);--awb-circlecolor:#ffffff;--awb-font-size:32px;--awb-margin-right:16px;\"><\/i><\/div><\/div><div class=\"fusion-layout-column fusion_builder_column_inner fusion-builder-nested-column-1 fusion_builder_column_inner_2_3 2_3 fusion-flex-column fusion-flex-align-self-center\" style=\"--awb-bg-size:cover;--awb-width-large:66.666666666667%;--awb-margin-top-large:0px;--awb-spacing-right-large:0px;--awb-margin-bottom-large:0px;--awb-spacing-left-large:0px;--awb-width-medium:66.666666666667%;--awb-order-medium:0;--awb-spacing-right-medium:0px;--awb-spacing-left-medium:0px;--awb-width-small:100%;--awb-order-small:0;--awb-spacing-right-small:50px;--awb-spacing-left-small:50px;\"><div class=\"fusion-column-wrapper fusion-column-has-shadow fusion-flex-justify-content-center fusion-content-layout-column\"><div class=\"fusion-text fusion-text-2\"><p><strong>FERIA DE ROMA  <\/strong><span style=\"color: var(--awb-text-color); font-family: var(--awb-text-font-family); font-size: var(--awb-font-size); font-style: var(--awb-text-font-style); letter-spacing: var(--awb-letter-spacing); text-align: var(--awb-content-alignment); text-transform: var(--awb-text-transform); background-color: var(--awb-bg-color);\"><br \/>\n<\/span>Viale Alexandre Gustave Eiffel, 00148 Roma RM<br \/>\n<a href=\"http:\/\/www.fieraroma.it\"><span style=\"color: var(--awb-text-color); font-family: var(--awb-text-font-family); font-size: var(--awb-font-size); font-style: var(--awb-text-font-style); letter-spacing: var(--awb-letter-spacing); text-align: var(--awb-content-alignment); text-transform: var(--awb-text-transform); background-color: var(--awb-bg-color);\">www.fieraroma.it<\/span><\/a><\/p>\n<\/div><\/div><\/div><\/div><a class=\"fusion-modal-text-link\" href=\"#\"><iframe class=\"lazyload\" src=\"data:image\/svg+xml,%3Csvg%20xmlns%3D%27http%3A%2F%2Fwww.w3.org%2F2000%2Fsvg%27%20width%3D%27100%27%20height%3D%27300%27%20viewBox%3D%270%200%20100%20300%27%3E%3Crect%20width%3D%27100%27%20height%3D%27300%27%20fill-opacity%3D%220%22%2F%3E%3C%2Fsvg%3E\" data-orig-src=\"https:\/\/www.google.com\/maps\/embed?pb=!1m18!1m12!1m3!1d2973.8766415561254!2d12.330588612001828!3d41.80941776959111!2m3!1f0!2f0!3f0!3m2!1i1024!2i768!4f13.1!3m3!1m2!1s0x1325f703cc76503f%3A0x6ba694f62cfc864a!2sFiera%20di%20Roma%20-%20Ingresso%20Est!5e0!3m2!1sit!2sit!4v1682690193935!5m2!1sit!2sit\" width=\"100%\" height=\"300\" style=\"border:0;\" allowfullscreen=\"\" loading=\"lazy\" referrerpolicy=\"no-referrer-when-downgrade\"><\/iframe><\/a><div class=\"fusion-text fusion-text-3\" style=\"--awb-margin-top:20px;\"><p>Con sus nuevas instalaciones inauguradas en 2006,<b> Fiera Roma <\/b>es el polo expositivo de Roma Capitale y de la Regi\u00f3n del Lacio, una de las mayores y m\u00e1s acreditadas de Europa.<\/p>\n<p>Destino tur\u00edstico de renombre internacional, Roma est\u00e1 estrat\u00e9gicamente situada entre el norte y el sur de Italia y Europa, en el coraz\u00f3n vital de los flujos econ\u00f3micos en el centro del Mediterr\u00e1neo: un puente entre antiguos y nuevos mercados.<\/p>\n<p>El gran trabajo de Arch. Tommaso Valle representa un Centro de Negocios futurista. Gracias a la red de conexiones de Fiera Roma, es<b> f\u00e1cilmente accesible desde el aeropuerto de Fiumicino y desde la ciudad, con una parada de tren dedicada a Roma-Ostiense y Roma-Tiburtina<\/b>.<br \/>\n<span style=\"color: var(--awb-text-color); font-family: var(--awb-text-font-family); font-size: var(--awb-font-size); font-style: var(--awb-text-font-style); letter-spacing: var(--awb-letter-spacing); text-align: var(--awb-content-alignment); text-transform: var(--awb-text-transform); background-color: var(--awb-bg-color);\">Una impresionante pasarela a 6 metros de altura da acceso desde arriba a los <b>9 pabellones<\/b> y al Centro de Convenciones, haciendo que el recinto ferial, con una <b>superficie<\/b> bruta <b>total de 390.000 metros cuadrados<\/b>, sea moderno y multifuncional.<\/span><\/p>\n<p>La extrema versatilidad de las instalaciones, dise\u00f1adas para albergar incluso varios eventos al mismo tiempo, la amplia gama de servicios que se ofrecen, la tecnolog\u00eda de vanguardia y la eficiente maquinaria organizativa, hacen de Fiera Roma un lugar ideal para exposiciones feriales y grandes eventos de alcance nacional e internacional.<\/p>\n<\/div><div class=\"fusion-text fusion-text-4\" style=\"--awb-margin-top:20px;\"><p><b>Los n\u00fameros de Fiera Roma:<\/b><\/p>\n<ul>\n<li style=\"font-weight: 400;\">390.000 metros cuadrados de superficie bruta, de los cuales 30.000 son zonas verdes p\u00fablicas y 150.000 zonas de exposici\u00f3n cubiertas<\/li>\n<li style=\"font-weight: 400;\">9 Pabellones rectangulares sin pilares<\/li>\n<li style=\"font-weight: 400;\">1 Centro de Conferencias con 10 salas de reuniones totalmente equipadas<\/li>\n<li style=\"font-weight: 400;\">150 kil\u00f3metros de cableado de fibra \u00f3ptica<\/li>\n<li style=\"font-weight: 400;\">hasta 10 mil conexiones wi-fi simult\u00e1neas por pabell\u00f3n<\/li>\n<li style=\"font-weight: 400;\">12 puntos de restauraci\u00f3n (bar\/cafeter\u00eda)<\/li>\n<li style=\"font-weight: 400;\">2 grandes aparcamientos delanteros con 7.000 plazas<\/li>\n<li style=\"font-weight: 400;\">20.000 m2 de circuito multifuncional al aire libre<\/li>\n<\/ul>\n<p style=\"font-weight: 400;\">\n<\/div><div class=\"fusion-image-element \" style=\"--awb-caption-title-size:var(--h2_typography-font-size);--awb-caption-title-transform:var(--h2_typography-text-transform);--awb-caption-title-line-height:var(--h2_typography-line-height);--awb-caption-title-letter-spacing:var(--h2_typography-letter-spacing);\"><span class=\" fusion-imageframe imageframe-none imageframe-2 hover-type-none\"><img decoding=\"async\" width=\"1920\" height=\"1237\" title=\"Mappa-Quartiere_it\" src=\"https:\/\/rome2024.org\/wp-content\/uploads\/2023\/07\/Mappa-Quartiere_it.jpg\" data-orig-src=\"https:\/\/rome2024.org\/wp-content\/uploads\/2023\/07\/Mappa-Quartiere_it.jpg\" alt class=\"lazyload img-responsive wp-image-13923\" srcset=\"data:image\/svg+xml,%3Csvg%20xmlns%3D%27http%3A%2F%2Fwww.w3.org%2F2000%2Fsvg%27%20width%3D%271920%27%20height%3D%271237%27%20viewBox%3D%270%200%201920%201237%27%3E%3Crect%20width%3D%271920%27%20height%3D%271237%27%20fill-opacity%3D%220%22%2F%3E%3C%2Fsvg%3E\" data-srcset=\"https:\/\/rome2024.org\/wp-content\/uploads\/2023\/07\/Mappa-Quartiere_it-200x129.jpg 200w, https:\/\/rome2024.org\/wp-content\/uploads\/2023\/07\/Mappa-Quartiere_it-400x258.jpg 400w, https:\/\/rome2024.org\/wp-content\/uploads\/2023\/07\/Mappa-Quartiere_it-600x387.jpg 600w, https:\/\/rome2024.org\/wp-content\/uploads\/2023\/07\/Mappa-Quartiere_it-800x515.jpg 800w, https:\/\/rome2024.org\/wp-content\/uploads\/2023\/07\/Mappa-Quartiere_it-1200x773.jpg 1200w, https:\/\/rome2024.org\/wp-content\/uploads\/2023\/07\/Mappa-Quartiere_it.jpg 1920w\" data-sizes=\"auto\" data-orig-sizes=\"(max-width: 450px) 100vw, 1920px\" \/><\/span><\/div><\/div><\/div><\/div><\/div>\n","protected":false},"excerpt":{"rendered":"","protected":false},"author":1,"featured_media":0,"parent":8602,"menu_order":0,"comment_status":"closed","ping_status":"closed","template":"100-width.php","meta":{"footnotes":""},"class_list":["post-8530","page","type-page","status-publish","hentry"],"_links":{"self":[{"href":"https:\/\/rome2024.org\/es\/wp-json\/wp\/v2\/pages\/8530","targetHints":{"allow":["GET"]}}],"collection":[{"href":"https:\/\/rome2024.org\/es\/wp-json\/wp\/v2\/pages"}],"about":[{"href":"https:\/\/rome2024.org\/es\/wp-json\/wp\/v2\/types\/page"}],"author":[{"embeddable":true,"href":"https:\/\/rome2024.org\/es\/wp-json\/wp\/v2\/users\/1"}],"replies":[{"embeddable":true,"href":"https:\/\/rome2024.org\/es\/wp-json\/wp\/v2\/comments?post=8530"}],"version-history":[{"count":0,"href":"https:\/\/rome2024.org\/es\/wp-json\/wp\/v2\/pages\/8530\/revisions"}],"up":[{"embeddable":true,"href":"https:\/\/rome2024.org\/es\/wp-json\/wp\/v2\/pages\/8602"}],"wp:attachment":[{"href":"https:\/\/rome2024.org\/es\/wp-json\/wp\/v2\/media?parent=8530"}],"curies":[{"name":"wp","href":"https:\/\/api.w.org\/{rel}","templated":true}]}}