{"id":6484,"date":"2023-05-21T08:47:18","date_gmt":"2023-05-21T08:47:18","guid":{"rendered":"https:\/\/rome2024.org\/athletes-paralympiques\/"},"modified":"2024-06-14T19:30:52","modified_gmt":"2024-06-14T19:30:52","slug":"athletes-paralympiques","status":"publish","type":"page","link":"https:\/\/rome2024.org\/fr\/wmc2024\/athletes-paralympiques\/","title":{"rendered":"Athl\u00e8tes paralympiques"},"content":{"rendered":"<div class=\"fusion-fullwidth fullwidth-box fusion-builder-row-1 fusion-flex-container nonhundred-percent-fullwidth non-hundred-percent-height-scrolling\" style=\"--awb-border-sizes-top:0px;--awb-border-sizes-bottom:0px;--awb-border-sizes-left:0px;--awb-border-sizes-right:0px;--awb-border-radius-top-left:0px;--awb-border-radius-top-right:0px;--awb-border-radius-bottom-right:0px;--awb-border-radius-bottom-left:0px;--awb-padding-top:120px;--awb-padding-bottom:120px;--awb-padding-top-medium:90px;--awb-padding-bottom-medium:90px;--awb-padding-top-small:80px;--awb-padding-bottom-small:80px;--awb-margin-bottom:0px;--awb-background-color:var(--awb-color1);\" ><div class=\"fusion-builder-row fusion-row fusion-flex-align-items-flex-start\" style=\"max-width:calc( 1200px + 100px );margin-left: calc(-100px \/ 2 );margin-right: calc(-100px \/ 2 );\"><div class=\"fusion-layout-column fusion_builder_column fusion-builder-column-0 awb-sticky awb-sticky-large fusion_builder_column_1_3 1_3 fusion-flex-column fusion-no-small-visibility\" style=\"--awb-padding-top:20px;--awb-padding-right:20px;--awb-padding-left:20px;--awb-overflow:hidden;--awb-bg-color:rgba(204,204,204,0.23);--awb-bg-position:right center;--awb-bg-size:cover;--awb-border-radius:10px 10px 10px 10px;--awb-width-large:33.333333333333%;--awb-margin-top-large:0px;--awb-spacing-right-large:50px;--awb-margin-bottom-large:20px;--awb-spacing-left-large:50px;--awb-width-medium:33.333333333333%;--awb-order-medium:0;--awb-spacing-right-medium:50px;--awb-spacing-left-medium:50px;--awb-width-small:100%;--awb-order-small:0;--awb-spacing-right-small:50px;--awb-spacing-left-small:50px;--awb-sticky-offset:230px;\"><div class=\"fusion-column-wrapper fusion-column-has-shadow fusion-flex-justify-content-flex-start fusion-content-layout-column\"><div class=\"fusion-title title fusion-title-1 fusion-sep-none fusion-title-text fusion-title-size-four\" style=\"--awb-text-color:var(--awb-color8);\"><h4 class=\"title-heading-left\" style=\"margin:0;line-height:1;\">2024 ittf world masters table tennis championships<\/h4><\/div><nav class=\"awb-menu awb-menu_column awb-menu_em-hover mobile-mode-collapse-to-button awb-menu_icons-left awb-menu_dc-yes mobile-trigger-fullwidth-off awb-menu_mobile-toggle awb-menu_indent-left mobile-size-full-absolute loading mega-menu-loading awb-menu_desktop awb-menu_dropdown awb-menu_expand-right awb-menu_transition-fade fusion-no-small-visibility\" style=\"--awb-gap:20px;--awb-items-padding-top:0px;--awb-active-color:var(--awb-color2);--awb-submenu-space:0;--awb-icons-size:20;--awb-main-justify-content:flex-start;--awb-mobile-justify:flex-start;--awb-mobile-caret-left:auto;--awb-mobile-caret-right:0;--awb-fusion-font-family-typography:inherit;--awb-fusion-font-style-typography:normal;--awb-fusion-font-weight-typography:400;--awb-fusion-font-family-submenu-typography:inherit;--awb-fusion-font-style-submenu-typography:normal;--awb-fusion-font-weight-submenu-typography:400;--awb-fusion-font-family-mobile-typography:inherit;--awb-fusion-font-style-mobile-typography:normal;--awb-fusion-font-weight-mobile-typography:400;\" aria-label=\"Menu\" data-breakpoint=\"0\" data-count=\"0\" data-transition-type=\"fade\" data-transition-time=\"300\"><ul id=\"menu-evento-francese\" class=\"fusion-menu awb-menu__main-ul awb-menu__main-ul_column\"><li  id=\"menu-item-6590\"  class=\"menu-item menu-item-type-post_type menu-item-object-page menu-item-6590 awb-menu__li awb-menu__main-li awb-menu__main-li_regular\"  data-item-id=\"6590\"><span class=\"awb-menu__main-background-default awb-menu__main-background-default_fade\"><\/span><span class=\"awb-menu__main-background-active awb-menu__main-background-active_fade\"><\/span><a  href=\"https:\/\/rome2024.org\/fr\/wmc2024\/voeux-institutionnels\/\" class=\"awb-menu__main-a awb-menu__main-a_regular fusion-flex-link\"><span class=\"awb-menu__i awb-menu__i_main fusion-megamenu-icon\"><i class=\"glyphicon fa-envelope-open-text fas\" aria-hidden=\"true\"><\/i><\/span><span class=\"menu-text\">V\u0153ux institutionnels<\/span><\/a><\/li><li  id=\"menu-item-6591\"  class=\"menu-item menu-item-type-post_type menu-item-object-page menu-item-6591 awb-menu__li awb-menu__main-li awb-menu__main-li_regular\"  data-item-id=\"6591\"><span class=\"awb-menu__main-background-default awb-menu__main-background-default_fade\"><\/span><span class=\"awb-menu__main-background-active awb-menu__main-background-active_fade\"><\/span><a  href=\"https:\/\/rome2024.org\/fr\/wmc2024\/informations-generales\/\" class=\"awb-menu__main-a awb-menu__main-a_regular fusion-flex-link\"><span class=\"awb-menu__i awb-menu__i_main fusion-megamenu-icon\"><i class=\"glyphicon fa-info-circle fas\" aria-hidden=\"true\"><\/i><\/span><span class=\"menu-text\">Informations g\u00e9n\u00e9rales<\/span><\/a><\/li><li  id=\"menu-item-6592\"  class=\"menu-item menu-item-type-post_type menu-item-object-page menu-item-6592 awb-menu__li awb-menu__main-li awb-menu__main-li_regular\"  data-item-id=\"6592\"><span class=\"awb-menu__main-background-default awb-menu__main-background-default_fade\"><\/span><span class=\"awb-menu__main-background-active awb-menu__main-background-active_fade\"><\/span><a  href=\"https:\/\/rome2024.org\/fr\/wmc2024\/reglement\/\" class=\"awb-menu__main-a awb-menu__main-a_regular fusion-flex-link\"><span class=\"awb-menu__i awb-menu__i_main fusion-megamenu-icon\"><i class=\"glyphicon fa-file-alt fas\" aria-hidden=\"true\"><\/i><\/span><span class=\"menu-text\">R\u00e8glement<\/span><\/a><\/li><li  id=\"menu-item-6619\"  class=\"menu-item menu-item-type-post_type menu-item-object-page menu-item-6619 awb-menu__li awb-menu__main-li awb-menu__main-li_regular\"  data-item-id=\"6619\"><span class=\"awb-menu__main-background-default awb-menu__main-background-default_fade\"><\/span><span class=\"awb-menu__main-background-active awb-menu__main-background-active_fade\"><\/span><a  href=\"https:\/\/rome2024.org\/fr\/wmc2024\/inscription-et-couts\/\" class=\"awb-menu__main-a awb-menu__main-a_regular fusion-flex-link\"><span class=\"awb-menu__i awb-menu__i_main fusion-megamenu-icon\"><i class=\"glyphicon fa-user-edit fas\" aria-hidden=\"true\"><\/i><\/span><span class=\"menu-text\">Inscription et co\u00fbts<\/span><\/a><\/li><li  id=\"menu-item-22590\"  class=\"menu-item menu-item-type-post_type menu-item-object-page menu-item-22590 awb-menu__li awb-menu__main-li awb-menu__main-li_regular\"  data-item-id=\"22590\"><span class=\"awb-menu__main-background-default awb-menu__main-background-default_fade\"><\/span><span class=\"awb-menu__main-background-active awb-menu__main-background-active_fade\"><\/span><a  href=\"https:\/\/rome2024.org\/fr\/wmc2024\/marchandisage\/\" class=\"awb-menu__main-a awb-menu__main-a_regular fusion-flex-link\"><span class=\"awb-menu__i awb-menu__i_main fusion-megamenu-icon\"><i class=\"glyphicon fa-tshirt fas\" aria-hidden=\"true\"><\/i><\/span><span class=\"menu-text\">Marchandisage<\/span><\/a><\/li><li  id=\"menu-item-6593\"  class=\"menu-item menu-item-type-post_type menu-item-object-page menu-item-6593 awb-menu__li awb-menu__main-li awb-menu__main-li_regular\"  data-item-id=\"6593\"><span class=\"awb-menu__main-background-default awb-menu__main-background-default_fade\"><\/span><span class=\"awb-menu__main-background-active awb-menu__main-background-active_fade\"><\/span><a  href=\"https:\/\/rome2024.org\/fr\/wmc2024\/volontaires\/\" class=\"awb-menu__main-a awb-menu__main-a_regular fusion-flex-link\"><span class=\"awb-menu__i awb-menu__i_main fusion-megamenu-icon\"><i class=\"glyphicon fa-hands-helping fas\" aria-hidden=\"true\"><\/i><\/span><span class=\"menu-text\">Volontaires<\/span><\/a><\/li><li  id=\"menu-item-6594\"  class=\"menu-item menu-item-type-post_type menu-item-object-page menu-item-6594 awb-menu__li awb-menu__main-li awb-menu__main-li_regular\"  data-item-id=\"6594\"><span class=\"awb-menu__main-background-default awb-menu__main-background-default_fade\"><\/span><span class=\"awb-menu__main-background-active awb-menu__main-background-active_fade\"><\/span><a  href=\"https:\/\/rome2024.org\/fr\/wmc2024\/comite-dorganisation\/\" class=\"awb-menu__main-a awb-menu__main-a_regular fusion-flex-link\"><span class=\"awb-menu__i awb-menu__i_main fusion-megamenu-icon\"><i class=\"glyphicon fa-sitemap fas\" aria-hidden=\"true\"><\/i><\/span><span class=\"menu-text\">Comit\u00e9 d&rsquo;organisation<\/span><\/a><\/li><li  id=\"menu-item-6595\"  class=\"menu-item menu-item-type-post_type menu-item-object-page menu-item-6595 awb-menu__li awb-menu__main-li awb-menu__main-li_regular\"  data-item-id=\"6595\"><span class=\"awb-menu__main-background-default awb-menu__main-background-default_fade\"><\/span><span class=\"awb-menu__main-background-active awb-menu__main-background-active_fade\"><\/span><a  href=\"https:\/\/rome2024.org\/fr\/wmc2024\/informations-sur-la-sante-et-lassurance\/\" class=\"awb-menu__main-a awb-menu__main-a_regular fusion-flex-link\"><span class=\"awb-menu__i awb-menu__i_main fusion-megamenu-icon\"><i class=\"glyphicon fa-stethoscope fas\" aria-hidden=\"true\"><\/i><\/span><span class=\"menu-text\">Informations sur la sant\u00e9 et l&rsquo;assurance<\/span><\/a><\/li><li  id=\"menu-item-21321\"  class=\"menu-item menu-item-type-post_type menu-item-object-page menu-item-21321 awb-menu__li awb-menu__main-li awb-menu__main-li_regular\"  data-item-id=\"21321\"><span class=\"awb-menu__main-background-default awb-menu__main-background-default_fade\"><\/span><span class=\"awb-menu__main-background-active awb-menu__main-background-active_fade\"><\/span><a  href=\"https:\/\/rome2024.org\/fr\/wmc2024\/police-dassurance\/\" class=\"awb-menu__main-a awb-menu__main-a_regular fusion-flex-link\"><span class=\"awb-menu__i awb-menu__i_main fusion-megamenu-icon\"><i class=\"glyphicon fa-hands-helping fas\" aria-hidden=\"true\"><\/i><\/span><span class=\"menu-text\">Police d&rsquo;assurance<\/span><\/a><\/li><li  id=\"menu-item-6596\"  class=\"menu-item menu-item-type-post_type menu-item-object-page menu-item-6596 awb-menu__li awb-menu__main-li awb-menu__main-li_regular\"  data-item-id=\"6596\"><span class=\"awb-menu__main-background-default awb-menu__main-background-default_fade\"><\/span><span class=\"awb-menu__main-background-active awb-menu__main-background-active_fade\"><\/span><a  href=\"https:\/\/rome2024.org\/fr\/wmc2024\/athletes-paralympiques\/\" class=\"awb-menu__main-a awb-menu__main-a_regular fusion-flex-link\"><span class=\"awb-menu__i awb-menu__i_main fusion-megamenu-icon\"><i class=\"glyphicon fa-user-friends fas\" aria-hidden=\"true\"><\/i><\/span><span class=\"menu-text\">Athl\u00e8tes paralympiques<\/span><\/a><\/li><li  id=\"menu-item-10410\"  class=\"menu-item menu-item-type-post_type menu-item-object-page menu-item-10410 awb-menu__li awb-menu__main-li awb-menu__main-li_regular\"  data-item-id=\"10410\"><span class=\"awb-menu__main-background-default awb-menu__main-background-default_fade\"><\/span><span class=\"awb-menu__main-background-active awb-menu__main-background-active_fade\"><\/span><a  href=\"https:\/\/rome2024.org\/fr\/wmc2024\/reglement-pour-les-athletes-paralympiques\/\" class=\"awb-menu__main-a awb-menu__main-a_regular fusion-flex-link\"><span class=\"awb-menu__i awb-menu__i_main fusion-megamenu-icon\"><i class=\"glyphicon fa-file-alt fas\" aria-hidden=\"true\"><\/i><\/span><span class=\"menu-text\">R\u00e8glement pour les athl\u00e8tes paralympiques<\/span><\/a><\/li><\/ul><\/nav><div ><a class=\"fusion-button button-flat fusion-button-default-size button-custom fusion-button-default button-1 fusion-button-span-yes fusion-button-default-type fusion-has-button-gradient\" style=\"--button_accent_color:#ffffff;--button_border_color:#ffffff;--button_accent_hover_color:#ffffff;--button_border_hover_color:#ffffff;--button-border-radius-top-left:10px;--button-border-radius-top-right:10px;--button-border-radius-bottom-right:10px;--button-border-radius-bottom-left:10px;--button_gradient_angle:160deg;--button_gradient_start:20%;--button_gradient_end:100%;--button_gradient_top_color:var(--awb-color6);--button_gradient_bottom_color:#0e586e;--button_gradient_top_color_hover:var(--awb-color2);--button_gradient_bottom_color_hover:var(--awb-color2);--button_text_transform:capitalize;--button_font_size:18px;--button_line_height:1.36em;--button_typography-letter-spacing:0em;--button_margin-top:30px;\" target=\"_blank\" rel=\"noopener noreferrer\" href=\"https:\/\/www.ttm.co.at\/wmc2024\/register\"><i class=\"fa-user-edit fas button-icon-left\" aria-hidden=\"true\"><\/i><span class=\"fusion-button-text\">Inscrivez-vous ! <\/span><\/a><\/div><div class=\"fusion-image-element \" style=\"--awb-margin-top:30px;--awb-margin-right:-20px;--awb-margin-bottom:0px;--awb-margin-left:-20px;--awb-caption-title-size:var(--h2_typography-font-size);--awb-caption-title-transform:var(--h2_typography-text-transform);--awb-caption-title-line-height:var(--h2_typography-line-height);--awb-caption-title-letter-spacing:var(--h2_typography-letter-spacing);\"><span class=\" fusion-imageframe imageframe-none imageframe-1 hover-type-none\"><img decoding=\"async\" width=\"2362\" height=\"1575\" title=\"fitet-bg-numeri\" src=\"https:\/\/rome2024.org\/wp-content\/uploads\/2023\/04\/fitet-bg-numeri.jpg\" data-orig-src=\"https:\/\/rome2024.org\/wp-content\/uploads\/2023\/04\/fitet-bg-numeri.jpg\" alt class=\"lazyload img-responsive wp-image-6183\" srcset=\"data:image\/svg+xml,%3Csvg%20xmlns%3D%27http%3A%2F%2Fwww.w3.org%2F2000%2Fsvg%27%20width%3D%272362%27%20height%3D%271575%27%20viewBox%3D%270%200%202362%201575%27%3E%3Crect%20width%3D%272362%27%20height%3D%271575%27%20fill-opacity%3D%220%22%2F%3E%3C%2Fsvg%3E\" data-srcset=\"https:\/\/rome2024.org\/wp-content\/uploads\/2023\/04\/fitet-bg-numeri-200x133.jpg 200w, https:\/\/rome2024.org\/wp-content\/uploads\/2023\/04\/fitet-bg-numeri-400x267.jpg 400w, https:\/\/rome2024.org\/wp-content\/uploads\/2023\/04\/fitet-bg-numeri-600x400.jpg 600w, https:\/\/rome2024.org\/wp-content\/uploads\/2023\/04\/fitet-bg-numeri-800x533.jpg 800w, https:\/\/rome2024.org\/wp-content\/uploads\/2023\/04\/fitet-bg-numeri-1200x800.jpg 1200w, https:\/\/rome2024.org\/wp-content\/uploads\/2023\/04\/fitet-bg-numeri.jpg 2362w\" data-sizes=\"auto\" data-orig-sizes=\"(max-width: 450px) 100vw, 400px\" \/><\/span><\/div><\/div><\/div>\n<div class=\"fusion-layout-column fusion_builder_column fusion-builder-column-1 fusion_builder_column_2_3 2_3 fusion-flex-column\" style=\"--awb-bg-size:cover;--awb-width-large:66.666666666667%;--awb-margin-top-large:0px;--awb-spacing-right-large:50px;--awb-margin-bottom-large:20px;--awb-spacing-left-large:50px;--awb-width-medium:66.666666666667%;--awb-order-medium:0;--awb-spacing-right-medium:50px;--awb-spacing-left-medium:50px;--awb-width-small:100%;--awb-order-small:0;--awb-spacing-right-small:50px;--awb-spacing-left-small:50px;\"><div class=\"fusion-column-wrapper fusion-column-has-shadow fusion-flex-justify-content-flex-start fusion-content-layout-column\"><div class=\"fusion-text fusion-text-1\" style=\"--awb-content-alignment:justify;\"><div>\n<p>Nous en sommes tr\u00e8s fiers,  <strong>pour la premi\u00e8re fois dans l&rsquo;histoire des Championnats du Monde Masters de Tennis de Table<\/strong>Le programme de comp\u00e9tition des CMJ de Rome 2024 comprendra la participation d&rsquo;athl\u00e8tes paralympiques d\u00e9j\u00e0 titr\u00e9s lors des r\u00e9cents championnats d&rsquo;Europe de Rimini en 2022.<\/p>\n<\/div>\n<div>\n<p>En fait, <strong>toute l&rsquo;infrastructure<\/strong> du site de comp\u00e9tition identifi\u00e9 est <strong>enti\u00e8rement accessible aux athl\u00e8tes handicap\u00e9s<\/strong>, ce qui nous permet de faire du WMC 2024 l&rsquo;un des rares \u00e9v\u00e9nements sportifs enti\u00e8rement int\u00e9gr\u00e9s dans le monde.<\/p>\n<\/div>\n<div>\n<p>Par cons\u00e9quent, avec l&rsquo;accord de l&rsquo;ITTF, il a \u00e9t\u00e9 d\u00e9cid\u00e9 que <strong>le programme de comp\u00e9tition pour les athl\u00e8tes paralympiques serait enrichi<\/strong> par rapport \u00e0 l&rsquo;exp\u00e9rience europ\u00e9enne pr\u00e9c\u00e9dente.<\/p>\n<\/div>\n<div>\n<p>Les principales <strong>caract\u00e9ristiques de<\/strong> la <strong>participation<\/strong> des athl\u00e8tes paralympiques seront les suivantes :<\/p>\n<\/div>\n<div>\n<ul>\n<li><span style=\"font-family: var(--awb-text-font-family); font-size: var(--awb-font-size); font-style: var(--awb-text-font-style); letter-spacing: var(--awb-letter-spacing); text-transform: var(--awb-text-transform);\">les athl\u00e8tes d\u00e9j\u00e0 class\u00e9s et enregistr\u00e9s dans la base de donn\u00e9es ITTF Para TT (la liste est accessible au public ici http:\/\/stats.ipttc.org\/en\/profiles) peuvent s&rsquo;inscrire et participer directement \u00e0 l&rsquo;\u00e9v\u00e9nement.<\/span><\/li>\n<li><span style=\"font-family: var(--awb-text-font-family); font-size: var(--awb-font-size); font-style: var(--awb-text-font-style); letter-spacing: var(--awb-letter-spacing); text-transform: var(--awb-text-transform);\">Par d\u00e9cision de l&rsquo;ITTF, aucune visite de classification internationale ne sera effectu\u00e9e ; les classifications nationales respectives seront consid\u00e9r\u00e9es comme valables pour la participation \u00e0 l&rsquo;\u00e9v\u00e9nement.<\/span><\/li>\n<li><span style=\"font-family: var(--awb-text-font-family); font-size: var(--awb-font-size); font-style: var(--awb-text-font-style); letter-spacing: var(--awb-letter-spacing); text-transform: var(--awb-text-transform);\">Les athl\u00e8tes qui n&rsquo;ont pas de classement recevront un classement valable uniquement pour la dur\u00e9e de la manifestation.<\/span><\/li>\n<li><span style=\"font-family: var(--awb-text-font-family); font-size: var(--awb-font-size); font-style: var(--awb-text-font-style); letter-spacing: var(--awb-letter-spacing); text-transform: var(--awb-text-transform);\">La date limite d&rsquo;inscription \u00e0 l&rsquo;\u00e9v\u00e9nement est fix\u00e9e au 20 mai 2024.<\/span><\/li>\n<\/ul>\n<\/div>\n<div>\n<p>Seuls les athl\u00e8tes pr\u00e9sentant au moins un des handicaps \u00e9ligibles seront class\u00e9s (la classification ne sera valable que pour l&rsquo;\u00e9preuve).<\/p>\n<\/div>\n<\/div><div class=\"fusion-text fusion-text-2\" style=\"--awb-content-alignment:justify;\"><p style=\"font-weight: 400;\"><strong>Les handicaps actuellement \u00e9ligibles sont les suivants<\/strong><\/p>\n<ul style=\"font-weight: 400;\">\n<li>Alt\u00e9ration de la puissance musculaire <em>:<\/em> les sportifs souffrant d&rsquo;une alt\u00e9ration de la puissance musculaire ont un probl\u00e8me de sant\u00e9 qui r\u00e9duit ou \u00e9limine leur capacit\u00e9 \u00e0 contracter volontairement les muscles pour se d\u00e9placer ou g\u00e9n\u00e9rer de la force. Les l\u00e9sions de la moelle \u00e9pini\u00e8re (compl\u00e8te ou incompl\u00e8te, t\u00e9tra ou parapl\u00e9gie ou parapar\u00e9sie), la dystrophie musculaire, le syndrome post-polio et le spina bifida sont des exemples d&rsquo;\u00e9tat de sant\u00e9 sous-jacent pouvant entra\u00eener une diminution de la force musculaire.<\/li>\n<li><em>Alt\u00e9ration de l&rsquo;amplitude des mouvements pas<\/em> sifs : les sportifs dont l&rsquo;amplitude des mouvements passifs est r\u00e9duite pr\u00e9sentent une limitation ou une absence de mouvements passifs au niveau d&rsquo;une ou de plusieurs articulations. L&rsquo;arthrogrypose et la contracture r\u00e9sultant de l&rsquo;immobilisation chronique d&rsquo;une articulation ou d&rsquo;un traumatisme articulaire sont des exemples de probl\u00e8mes de sant\u00e9 sous-jacents pouvant entra\u00eener une r\u00e9duction de l&rsquo;amplitude passive des mouvements.<\/li>\n<li>D\u00e9ficience des membres <em>:<\/em> les sportifs souffrant d&rsquo;une d\u00e9ficience des membres pr\u00e9sentent une absence totale ou partielle d&rsquo;os ou d&rsquo;articulations \u00e0 la suite d&rsquo;un traumatisme (par exemple, amputation traumatique), d&rsquo;une maladie (par exemple, amputation due \u00e0 un cancer des os) ou d&rsquo;une d\u00e9ficience cong\u00e9nitale des membres (par exemple, dysm\u00e9lie).<\/li>\n<li><em>Diff\u00e9rence de longueur de jambe :<\/em> les athl\u00e8tes pr\u00e9sentant une diff\u00e9rence de longueur de jambe ont une diff\u00e9rence de longueur de jambe due \u00e0 un trouble de la croissance du membre ou \u00e0 un traumatisme. Le crit\u00e8re minimal de d\u00e9ficience est de 7 cm.<\/li>\n<li>Petite taille <em>:<\/em> les athl\u00e8tes de petite taille ont une longueur osseuse r\u00e9duite au niveau des membres sup\u00e9rieurs, des membres inf\u00e9rieurs et\/ou du tronc. L&rsquo;achondroplasie, le dysfonctionnement de l&rsquo;hormone de croissance et l&rsquo;ost\u00e9ogen\u00e8se imparfaite sont des exemples de probl\u00e8mes de sant\u00e9 sous-jacents pouvant entra\u00eener une petite taille.<\/li>\n<li>Hypertonie <em>:<\/em> Les athl\u00e8tes souffrant d&rsquo;hypertonie ont une tension musculaire accrue et une capacit\u00e9 r\u00e9duite \u00e0 \u00e9tirer un muscle en raison de l\u00e9sions du syst\u00e8me nerveux central. La paralysie c\u00e9r\u00e9brale, les l\u00e9sions c\u00e9r\u00e9brales traumatiques et les accidents vasculaires c\u00e9r\u00e9braux sont des exemples de probl\u00e8mes de sant\u00e9 sous-jacents pouvant entra\u00eener une hypertonie.<\/li>\n<li><em>Ataxie :<\/em> les athl\u00e8tes atteints d&rsquo;ataxie ont des mouvements non coordonn\u00e9s caus\u00e9s par des l\u00e9sions du syst\u00e8me nerveux central. La paralysie c\u00e9r\u00e9brale, les l\u00e9sions c\u00e9r\u00e9brales traumatiques, les accidents vasculaires c\u00e9r\u00e9braux et la scl\u00e9rose en plaques sont des exemples de probl\u00e8mes de sant\u00e9 sous-jacents pouvant entra\u00eener une ataxie.<\/li>\n<li>Ath\u00e9tose <em>:<\/em> Les athl\u00e8tes atteints d&rsquo;ath\u00e9tose pr\u00e9sentent des mouvements involontaires lents et continus.<\/li>\n<\/ul>\n<p style=\"font-weight: 400;\">Il existe de nombreuses <strong>autres conditions de d\u00e9savantage physique-sensoriel<\/strong> qui peuvent conduire \u00e0 une forme de handicap mais qui <strong>ne sont pas incluses dans les r\u00e8gles de classification des sports de<\/strong> l&rsquo;ITTF et qui ne seront donc pas prises en compte. Il s&rsquo;agit d&rsquo;une liste non exhaustive de situations non \u00e9ligibles :<\/p>\n<ul style=\"font-weight: 400;\">\n<li>D\u00e9ficience visuelle ;<\/li>\n<li>La douleur ;<\/li>\n<li>Probl\u00e8me d&rsquo;audition ;<\/li>\n<li>Faible tonus musculaire ;<\/li>\n<li>Hypermobilit\u00e9 des articulations ;<\/li>\n<li>Instabilit\u00e9 articulaire, par exemple instabilit\u00e9 de l&rsquo;articulation de l&rsquo;\u00e9paule, luxation r\u00e9currente d&rsquo;une articulation ;<\/li>\n<li>Diminution de l&rsquo;endurance musculaire ;<\/li>\n<li>Alt\u00e9ration des fonctions de r\u00e9flexe moteur ;<\/li>\n<li>Alt\u00e9ration des fonctions cardiovasculaires ;<\/li>\n<li>Alt\u00e9ration des fonctions respiratoires ;<\/li>\n<li>Alt\u00e9ration des fonctions m\u00e9taboliques ;<\/li>\n<li>Tics et manies, st\u00e9r\u00e9otypes et pers\u00e9v\u00e9rance motrice.<\/li>\n<\/ul>\n<p style=\"font-weight: 400;\">Pour <strong>plus d&rsquo;informations sur les comp\u00e9titions pour athl\u00e8tes paralympiques<\/strong> et sur la mani\u00e8re d&rsquo;obtenir une classification, veuillez envoyer un courriel \u00e0 l&rsquo;adresse suivante <a href=\"mailto:info@rome2024.org\"><strong>info@rome2024.org<\/strong><\/a><\/p>\n<p style=\"font-weight: 400;\">\n<p style=\"font-weight: 400;\">\n<\/div><div class=\"fusion-image-element \" style=\"--awb-caption-title-size:var(--h2_typography-font-size);--awb-caption-title-transform:var(--h2_typography-text-transform);--awb-caption-title-line-height:var(--h2_typography-line-height);--awb-caption-title-letter-spacing:var(--h2_typography-letter-spacing);\"><span class=\" fusion-imageframe imageframe-none imageframe-2 hover-type-none\"><img decoding=\"async\" width=\"2560\" height=\"1621\" title=\"EVC_podio_singolare_paralimpico_di_classe_1-5\" src=\"data:image\/svg+xml,%3Csvg%20xmlns%3D%27http%3A%2F%2Fwww.w3.org%2F2000%2Fsvg%27%20width%3D%272560%27%20height%3D%271621%27%20viewBox%3D%270%200%202560%201621%27%3E%3Crect%20width%3D%272560%27%20height%3D%271621%27%20fill-opacity%3D%220%22%2F%3E%3C%2Fsvg%3E\" data-orig-src=\"https:\/\/rome2024.org\/wp-content\/uploads\/2023\/05\/EVC_podio_singolare_paralimpico_di_classe_1-5-scaled.jpg\" alt class=\"lazyload img-responsive wp-image-6357\"\/><\/span><\/div><\/div><\/div><\/div><\/div>\n","protected":false},"excerpt":{"rendered":"","protected":false},"author":1,"featured_media":0,"parent":7001,"menu_order":0,"comment_status":"closed","ping_status":"closed","template":"100-width.php","meta":{"footnotes":""},"class_list":["post-6484","page","type-page","status-publish","hentry"],"_links":{"self":[{"href":"https:\/\/rome2024.org\/fr\/wp-json\/wp\/v2\/pages\/6484","targetHints":{"allow":["GET"]}}],"collection":[{"href":"https:\/\/rome2024.org\/fr\/wp-json\/wp\/v2\/pages"}],"about":[{"href":"https:\/\/rome2024.org\/fr\/wp-json\/wp\/v2\/types\/page"}],"author":[{"embeddable":true,"href":"https:\/\/rome2024.org\/fr\/wp-json\/wp\/v2\/users\/1"}],"replies":[{"embeddable":true,"href":"https:\/\/rome2024.org\/fr\/wp-json\/wp\/v2\/comments?post=6484"}],"version-history":[{"count":11,"href":"https:\/\/rome2024.org\/fr\/wp-json\/wp\/v2\/pages\/6484\/revisions"}],"predecessor-version":[{"id":24917,"href":"https:\/\/rome2024.org\/fr\/wp-json\/wp\/v2\/pages\/6484\/revisions\/24917"}],"up":[{"embeddable":true,"href":"https:\/\/rome2024.org\/fr\/wp-json\/wp\/v2\/pages\/7001"}],"wp:attachment":[{"href":"https:\/\/rome2024.org\/fr\/wp-json\/wp\/v2\/media?parent=6484"}],"curies":[{"name":"wp","href":"https:\/\/api.w.org\/{rel}","templated":true}]}}